{"id":1173,"date":"2024-01-25T12:03:57","date_gmt":"2024-01-25T12:03:57","guid":{"rendered":"https:\/\/viajescreativa.com\/?page_id=1173"},"modified":"2024-11-01T10:50:01","modified_gmt":"2024-11-01T10:50:01","slug":"zwischen-geschichte-und-natur","status":"publish","type":"page","link":"https:\/\/viajescreativa.com\/?page_id=1173","title":{"rendered":"Kultur und Strandurlaub"},"content":{"rendered":"\n<figure class=\"wp-block-image alignfull size-full\"><img fetchpriority=\"high\" decoding=\"async\" width=\"1920\" height=\"349\" src=\"https:\/\/viajescreativa.com\/wp-content\/uploads\/2024\/08\/Kultur-und-Strandurlaub.png\" alt=\"\" class=\"wp-image-2046\" srcset=\"https:\/\/viajescreativa.com\/wp-content\/uploads\/2024\/08\/Kultur-und-Strandurlaub.png 1920w, https:\/\/viajescreativa.com\/wp-content\/uploads\/2024\/08\/Kultur-und-Strandurlaub-300x55.png 300w, https:\/\/viajescreativa.com\/wp-content\/uploads\/2024\/08\/Kultur-und-Strandurlaub-1024x186.png 1024w, https:\/\/viajescreativa.com\/wp-content\/uploads\/2024\/08\/Kultur-und-Strandurlaub-768x140.png 768w, https:\/\/viajescreativa.com\/wp-content\/uploads\/2024\/08\/Kultur-und-Strandurlaub-1536x279.png 1536w\" sizes=\"(max-width: 1920px) 100vw, 1920px\" \/><\/figure>\n\n\n\n<div class=\"wp-block-columns is-layout-flex wp-container-core-columns-is-layout-9d6595d7 wp-block-columns-is-layout-flex\">\n<div class=\"wp-block-column is-layout-flow wp-block-column-is-layout-flow\">\n<p><\/p>\n\n\n\n<p class=\"has-vivid-red-color has-white-background-color has-text-color has-background has-link-color wp-elements-91332145f1d4e635123e506c9a81db15\" style=\"font-size:22px\"><strong><em>HIGHLIGHTS:<\/em><\/strong><\/p>\n\n\n\n<ul class=\"wp-block-list\">\n<li>Besichtigung von Sevilla, das von der UNESCO zum Weltkulturerbe erkl\u00e4rt wurde.<\/li>\n\n\n\n<li>Besuch einer Weinkellerei in La Palma del Condado<\/li>\n\n\n\n<li>Besuch des Nationalparks Do\u00f1ana<\/li>\n<\/ul>\n<\/div>\n\n\n\n<div class=\"wp-block-column is-layout-flow wp-block-column-is-layout-flow\">\n<figure class=\"wp-block-image aligncenter size-full\"><img decoding=\"async\" width=\"400\" height=\"267\" src=\"https:\/\/viajescreativa.com\/wp-content\/uploads\/2024\/08\/PLAYA-Y-PASEOS.jpg\" alt=\"\" class=\"wp-image-2045\" srcset=\"https:\/\/viajescreativa.com\/wp-content\/uploads\/2024\/08\/PLAYA-Y-PASEOS.jpg 400w, https:\/\/viajescreativa.com\/wp-content\/uploads\/2024\/08\/PLAYA-Y-PASEOS-300x200.jpg 300w\" sizes=\"(max-width: 400px) 100vw, 400px\" \/><\/figure>\n<\/div>\n<\/div>\n\n\n\n<p class=\"has-white-background-color has-background\">Wir schlagen euch eine perfekte Verbindung von kulturellen Besuchen in Sevilla und der Provinz Huelva mit dem Genuss der Atlantikk\u00fcste mit ihren idyllischen goldenen Sandstr\u00e4nden und wundersch\u00f6nen Sonnenunterg\u00e4ngen vor.<\/p>\n\n\n\n<figure class=\"wp-block-gallery aligncenter has-nested-images columns-default is-cropped wp-block-gallery-1 is-layout-flex wp-block-gallery-is-layout-flex\">\n<figure class=\"wp-block-image alignfull size-full\"><img decoding=\"async\" width=\"900\" height=\"300\" data-id=\"2041\" src=\"https:\/\/viajescreativa.com\/wp-content\/uploads\/2024\/08\/paseo-y-playa-2.jpg\" alt=\"\" class=\"wp-image-2041\" srcset=\"https:\/\/viajescreativa.com\/wp-content\/uploads\/2024\/08\/paseo-y-playa-2.jpg 900w, https:\/\/viajescreativa.com\/wp-content\/uploads\/2024\/08\/paseo-y-playa-2-300x100.jpg 300w, https:\/\/viajescreativa.com\/wp-content\/uploads\/2024\/08\/paseo-y-playa-2-768x256.jpg 768w\" sizes=\"(max-width: 900px) 100vw, 900px\" \/><\/figure>\n<\/figure>\n\n\n\n<div class=\"wp-block-group is-layout-constrained wp-block-group-is-layout-constrained\"><div class=\"wp-block-group__inner-container\">\n<p class=\"has-white-background-color has-background\">Diese Reise ist eine Verkn\u00fcpfung von kulturellen Besuchen in Sevilla und der Provinz Huelva mit dem Genuss der Atlantikk\u00fcste mit idyllischen Str\u00e4nden mit goldenem Sand und traumhaften Sonnenunterg\u00e4ngen. Sie werden Sevilla entdecken, eine der sch\u00f6nsten St\u00e4dte Spaniens, deren Sehensw\u00fcrdigkeiten Sie in Entz\u00fccken setzen werden. In der Provinz Huelva besuchen Sie Palma del Condado, ber\u00fchmt f\u00fcr seine Weinkeller, in denen ein k\u00f6stlicher Wein hergestellt wird, und die Stadt Niebla, eines dieser mittelalterlichen Juwelen. Was die Natur betrifft, haben Sie die M\u00f6glichkeit, in Begleitung eines Nationalparkf\u00fchrers in das Innere des Do\u00f1ana-Nationalparks zu fahren. Das Naturgebiet Do\u00f1ana gilt als eines der wichtigsten Naturschutzgebiete Europas. Das Dorf El Roc\u00edo ist der Ort, an dem sich die Wallfahrtskapelle der Heiligen von El Roc\u00edo befindet. Dieses ist ein besonderer Ort der Verehrung und Hingabe. In der Provinz Huelva befindet sich der Ort, von dem aus Christoph Kolumbus 1492 zu seiner ersten Reise in die Neue Welt aufbrach. Das Kloster La R\u00e1bida steht in direktem Zusammenhang mit diesem historischen Ereignis. Die letzten Tage k\u00f6nnen Sie die Str\u00e4nde von Huelva genie\u00dfen, die f\u00fcr ihre Sauberkeit und ihre Weite ber\u00fchmt sind. Sie k\u00f6nnen das Rauschen des Meers bei einen an der K\u00fcste Spaziergang h\u00f6ren, in einer der Bars oder Restaurants an der Strandpromenade etwas essen und zauberhafte Sonnenunterg\u00e4nge genie\u00dfen. Die Unterk\u00fcnfte wurden mit R\u00fccksicht auf die Umwelt und die \u00e4sthetische Landschaft der Umgebung gebaut.<\/p>\n<\/div><\/div>\n\n\n\n<div class=\"wp-block-columns is-layout-flex wp-container-core-columns-is-layout-9d6595d7 wp-block-columns-is-layout-flex\">\n<div class=\"wp-block-column is-layout-flow wp-block-column-is-layout-flow\">\n<div class=\"wp-block-group has-white-background-color has-background is-layout-constrained wp-block-group-is-layout-constrained\"><div class=\"wp-block-group__inner-container\">\n<p><strong>REISEVERLAUF:<\/strong><\/p>\n\n\n\n<p><strong>&nbsp;Tag 1: Willkommen in Andalusien<\/strong><\/p>\n\n\n\n<p>Ankunft in Sevilla. Freie Zeit bis zum Treffen mit dem Reiseveranstalter, um das Programm der Reise durchzugehen. Abendessen zur freien Verf\u00fcgung und Hotelunterkunft in Sevilla.<\/p>\n\n\n\n<p><strong>Tag 2: Sevilla<\/strong><\/p>\n\n\n\n<p>Fr\u00fchst\u00fcck im Hotel und Stadtf\u00fchrung mit einem \u00f6rtlichen Stadtf\u00fchrer, der Ihnen die Kathedrale und das Viertel Santa Cruz zeigen wird. Nachmittag zur freien Verf\u00fcgung, freies Abendessen und \u00dcbernachtung im Hotel in Sevilla.<\/p>\n\n\n\n<p><strong>Tag 3: Sevilla &#8211; Palma del Condado &#8211; Niebla \u2013 Huelva Strandhotel<\/strong><\/p>\n\n\n\n<p>Fr\u00fchst\u00fcck im Hotel. Abfahrt nach Palma del Condado: Spaziergang durch Palma del Condado, Besuch einer Weinkellerei mit Weinverkostung. Weiterfahrt nach Niebla: Mittagessen und Besichtigung mit \u00f6rtlichem Stadtf\u00fchrer: Besichtigen der Burg, die Kirche Santa Mar\u00eda de la Granada. Weiterfahrt zum Strandhotel f\u00fcr \u00dcbernachtung und Abendessen im Hotel.<\/p>\n\n\n\n<p><strong>Tag 4: Ausflug nach La R\u00e1bida<\/strong><\/p>\n\n\n\n<p>Fr\u00fchst\u00fcck im Hotel. Ausflug mit Reiseleiter zur Besichtigung des Klosters La R\u00e1bida, Mittagessen in der Umgebung. R\u00fcckkehr zum Strandhotel und Abendessen im Hotel.<\/p>\n\n\n\n<p><strong>Tag 5: Ausflug nach Do\u00f1ana N.P. und in das Dorf El Roc\u00edo.<\/strong><\/p>\n\n\n\n<p>Fr\u00fchst\u00fcck im Hotel. Ausflug in den Do\u00f1ana-Nationalpark: Besichtigung des Inneren des Parks Mittagessen im Dorf El Roc\u00edo. R\u00fcckkehr und Abendessen im Strandhotel<\/p>\n\n\n\n<p><strong>Tag 6: Strandtag<\/strong><\/p>\n\n\n\n<p>Fr\u00fchst\u00fcck und Abendessen im Hotel.<\/p>\n\n\n\n<p><strong>7. Tag: Strandtag<\/strong><\/p>\n\n\n\n<p>Fr\u00fchst\u00fcck und Abendessen im Hotel.<\/p>\n\n\n\n<p><strong>Tag 8: Strandtag<\/strong><\/p>\n\n\n\n<p>Fr\u00fchst\u00fcck und Abendessen im Hotel.<\/p>\n\n\n\n<p><strong>Tag 9: Hasta Pronto!<\/strong><\/p>\n\n\n\n<p>Fr\u00fchst\u00fcck und Ende der Reise***.<\/p>\n\n\n\n<p>***<strong>HINWEIS:<\/strong> Sollten alle G\u00e4ste den R\u00fcckflug um die gleiche Uhrzeit haben wird der Transfer bis zum Flughafen Sevilla gemacht. Ansonsten, der Transfer ist vom Strandhotel in die Stadt Sevilla, wo die G\u00e4ste noch etwas freie Zeit haben k\u00f6nnen bevor Sie den \u00f6ffentlichen Shuttlebus zum Flughafen nehmen. Wir werden \u00fcber Locker in Sevilla informieren, wenn diese Notwendig w\u00e4ren.<\/p>\n<\/div><\/div>\n<\/div>\n\n\n\n<div class=\"wp-block-column is-layout-flow wp-block-column-is-layout-flow\">\n<div class=\"wp-block-group is-layout-constrained wp-block-group-is-layout-constrained\"><div class=\"wp-block-group__inner-container\">\n<p><strong>INBEGRIFFENE LEISTUNGEN:<\/strong><\/p>\n\n\n\n<ul class=\"wp-block-list\">\n<li>Moderner klimatisierter Reisebus w\u00e4hrend der gesamten Reise.<\/li>\n\n\n\n<li>3\/4-Sterne-Hotel mit \u00dcbernachtung und Fr\u00fchst\u00fcck in Sevilla.<\/li>\n\n\n\n<li>4-Sterne-Hotel mit Halbpension im Hotel an der K\u00fcste von Huelva.<\/li>\n\n\n\n<li>Reiseleiter bei allen Ausfl\u00fcgen und Besichtigungen.&nbsp;<\/li>\n\n\n\n<li>\u00d6rtliche Stadtf\u00fchrer in Sevilla, Niebla und La R\u00e1bida.<\/li>\n\n\n\n<li>Eintrittsgelder f\u00fcr Sehensw\u00fcrdigkeiten:<\/li>\n\n\n\n<li>Sevilla: Kathedrale<\/li>\n\n\n\n<li>Niebla: Burg und Kirche Santa Mar\u00eda de la Granada.<\/li>\n\n\n\n<li>La R\u00e1bida: Kloster&nbsp;<\/li>\n\n\n\n<li>Besuch des Nationalparks von Do\u00f1ana<\/li>\n\n\n\n<li>Besuch einer Weinkellerei in La Palma del Condado<\/li>\n\n\n\n<li>3 x Mittagessen in: Niebla, La R\u00e1bida und El Roc\u00edo<\/li>\n\n\n\n<li>Audiosystem auf allen kulturellen Ausfl\u00fcgen<\/li>\n\n\n\n<li>Reiseversicherung<\/li>\n<\/ul>\n\n\n\n<p class=\"has-text-align-left has-black-color has-text-color has-link-color wp-elements-b2e9c03597182b69ccbce2034a0ece57\"><strong>NICHT INBEGRIFFEN<\/strong><\/p>\n\n\n\n<ul class=\"wp-block-list\">\n<li>Internationale und nationale Fl\u00fcge<\/li>\n\n\n\n<li>Flughafengeb\u00fchren<\/li>\n\n\n\n<li>Visa, falls erforderlich<\/li>\n\n\n\n<li>Trinkgeld<\/li>\n\n\n\n<li>Gep\u00e4cktr\u00e4ger &nbsp;<\/li>\n\n\n\n<li>Eintrittsgelder f\u00fcr Sehensw\u00fcrdigkeiten, die nicht ausdr\u00fccklich im Programm aufgef\u00fchrt sind.<\/li>\n\n\n\n<li>Dienstleistungen die nicht ausdr\u00fccklich im Programm aufgef\u00fchrt sind.<\/li>\n<\/ul>\n\n\n\n<figure class=\"wp-block-image aligncenter size-large is-resized\"><img loading=\"lazy\" decoding=\"async\" width=\"683\" height=\"1024\" src=\"https:\/\/viajescreativa.com\/wp-content\/uploads\/2024\/08\/la-rabida-9707-683x1024.jpg\" alt=\"\" class=\"wp-image-2040\" style=\"width:420px\" srcset=\"https:\/\/viajescreativa.com\/wp-content\/uploads\/2024\/08\/la-rabida-9707-683x1024.jpg 683w, https:\/\/viajescreativa.com\/wp-content\/uploads\/2024\/08\/la-rabida-9707-200x300.jpg 200w, https:\/\/viajescreativa.com\/wp-content\/uploads\/2024\/08\/la-rabida-9707-768x1151.jpg 768w, https:\/\/viajescreativa.com\/wp-content\/uploads\/2024\/08\/la-rabida-9707-1025x1536.jpg 1025w, https:\/\/viajescreativa.com\/wp-content\/uploads\/2024\/08\/la-rabida-9707-1366x2048.jpg 1366w, https:\/\/viajescreativa.com\/wp-content\/uploads\/2024\/08\/la-rabida-9707-scaled.jpg 1708w\" sizes=\"(max-width: 683px) 100vw, 683px\" \/><\/figure>\n\n\n\n<div class=\"wp-block-group has-white-background-color has-background is-layout-constrained wp-block-group-is-layout-constrained\"><div class=\"wp-block-group__inner-container\"><\/div><\/div>\n<\/div><\/div>\n<\/div>\n<\/div>\n\n\n\n<figure class=\"wp-block-image alignfull size-full\"><img loading=\"lazy\" decoding=\"async\" width=\"2560\" height=\"1004\" src=\"https:\/\/viajescreativa.com\/wp-content\/uploads\/2024\/08\/muelle-huelva--scaled.jpg\" alt=\"\" class=\"wp-image-2042\" srcset=\"https:\/\/viajescreativa.com\/wp-content\/uploads\/2024\/08\/muelle-huelva--scaled.jpg 2560w, https:\/\/viajescreativa.com\/wp-content\/uploads\/2024\/08\/muelle-huelva--300x118.jpg 300w, https:\/\/viajescreativa.com\/wp-content\/uploads\/2024\/08\/muelle-huelva--1024x402.jpg 1024w, https:\/\/viajescreativa.com\/wp-content\/uploads\/2024\/08\/muelle-huelva--768x301.jpg 768w, https:\/\/viajescreativa.com\/wp-content\/uploads\/2024\/08\/muelle-huelva--1536x603.jpg 1536w, https:\/\/viajescreativa.com\/wp-content\/uploads\/2024\/08\/muelle-huelva--2048x803.jpg 2048w\" sizes=\"(max-width: 2560px) 100vw, 2560px\" \/><\/figure>\n\n\n\n<div class=\"wp-block-cover alignfull is-light\" style=\"min-height:548px;aspect-ratio:unset;\"><span aria-hidden=\"true\" class=\"wp-block-cover__background has-ast-global-color-5-background-color has-background-dim-20 has-background-dim\"><\/span><img loading=\"lazy\" decoding=\"async\" width=\"1920\" height=\"1920\" class=\"wp-block-cover__image-background wp-image-1729\" alt=\"\" src=\"https:\/\/viajescreativa.com\/wp-content\/uploads\/2024\/07\/collage-caratula-blanco-1.jpg\" data-object-fit=\"cover\" srcset=\"https:\/\/viajescreativa.com\/wp-content\/uploads\/2024\/07\/collage-caratula-blanco-1.jpg 1920w, https:\/\/viajescreativa.com\/wp-content\/uploads\/2024\/07\/collage-caratula-blanco-1-300x300.jpg 300w, https:\/\/viajescreativa.com\/wp-content\/uploads\/2024\/07\/collage-caratula-blanco-1-1024x1024.jpg 1024w, https:\/\/viajescreativa.com\/wp-content\/uploads\/2024\/07\/collage-caratula-blanco-1-150x150.jpg 150w, https:\/\/viajescreativa.com\/wp-content\/uploads\/2024\/07\/collage-caratula-blanco-1-768x768.jpg 768w, https:\/\/viajescreativa.com\/wp-content\/uploads\/2024\/07\/collage-caratula-blanco-1-1536x1536.jpg 1536w\" sizes=\"(max-width: 1920px) 100vw, 1920px\" \/><div class=\"wp-block-cover__inner-container is-layout-flow wp-block-cover-is-layout-flow\">\n<div class=\"wp-block-columns is-layout-flex wp-container-core-columns-is-layout-9d6595d7 wp-block-columns-is-layout-flex\">\n<div class=\"wp-block-column is-layout-flow wp-block-column-is-layout-flow\">\n<div class=\"wp-block-columns is-layout-flex wp-container-core-columns-is-layout-9d6595d7 wp-block-columns-is-layout-flex\">\n<div class=\"wp-block-column is-layout-flow wp-block-column-is-layout-flow\">\n<figure class=\"wp-block-image alignfull size-full\"><a href=\"https:\/\/viajescreativa.com\/?page_id=2210\" target=\"_blank\" rel=\"noreferrer noopener\"><img loading=\"lazy\" decoding=\"async\" width=\"262\" height=\"387\" src=\"https:\/\/viajescreativa.com\/wp-content\/uploads\/2024\/08\/5-GASTRONOMICO-ALEMAN.jpg\" alt=\"\" class=\"wp-image-2153\" style=\"box-shadow:var(--wp--preset--shadow--natural)\" srcset=\"https:\/\/viajescreativa.com\/wp-content\/uploads\/2024\/08\/5-GASTRONOMICO-ALEMAN.jpg 262w, https:\/\/viajescreativa.com\/wp-content\/uploads\/2024\/08\/5-GASTRONOMICO-ALEMAN-203x300.jpg 203w\" sizes=\"(max-width: 262px) 100vw, 262px\" \/><\/a><figcaption class=\"wp-element-caption\">GENUSSVOLLE              ROUTEN<\/figcaption><\/figure>\n<\/div>\n\n\n\n<div class=\"wp-block-column is-layout-flow wp-block-column-is-layout-flow\">\n<figure class=\"wp-block-image alignfull size-full\"><a href=\"https:\/\/viajescreativa.com\/?page_id=2439\" target=\"_blank\" rel=\"noreferrer noopener\"><img loading=\"lazy\" decoding=\"async\" width=\"244\" height=\"361\" src=\"https:\/\/viajescreativa.com\/wp-content\/uploads\/2024\/08\/THEMENREISEN.jpg\" alt=\"\" class=\"wp-image-2154\" style=\"box-shadow:var(--wp--preset--shadow--natural)\" srcset=\"https:\/\/viajescreativa.com\/wp-content\/uploads\/2024\/08\/THEMENREISEN.jpg 244w, https:\/\/viajescreativa.com\/wp-content\/uploads\/2024\/08\/THEMENREISEN-203x300.jpg 203w\" sizes=\"(max-width: 244px) 100vw, 244px\" \/><\/a><figcaption class=\"wp-element-caption\">THEMENREISEN<\/figcaption><\/figure>\n<\/div>\n<\/div>\n<\/div>\n\n\n\n<div class=\"wp-block-column is-layout-flow wp-block-column-is-layout-flow\">\n<div class=\"wp-block-columns is-layout-flex wp-container-core-columns-is-layout-9d6595d7 wp-block-columns-is-layout-flex\">\n<div class=\"wp-block-column is-layout-flow wp-block-column-is-layout-flow\">\n<figure class=\"wp-block-image alignfull size-full\"><a href=\"https:\/\/viajescreativa.com\/?page_id=2299\" target=\"_blank\" rel=\"noreferrer noopener\"><img loading=\"lazy\" decoding=\"async\" width=\"244\" height=\"360\" src=\"https:\/\/viajescreativa.com\/wp-content\/uploads\/2024\/08\/SLOWTRAVEL-1.jpg\" alt=\"\" class=\"wp-image-2165\" style=\"box-shadow:var(--wp--preset--shadow--natural)\" srcset=\"https:\/\/viajescreativa.com\/wp-content\/uploads\/2024\/08\/SLOWTRAVEL-1.jpg 244w, https:\/\/viajescreativa.com\/wp-content\/uploads\/2024\/08\/SLOWTRAVEL-1-203x300.jpg 203w\" sizes=\"(max-width: 244px) 100vw, 244px\" \/><\/a><figcaption class=\"wp-element-caption\">SLOW TRAVEL<\/figcaption><\/figure>\n<\/div>\n\n\n\n<div class=\"wp-block-column is-layout-flow wp-block-column-is-layout-flow\">\n<figure class=\"wp-block-image alignfull size-full\"><a href=\"https:\/\/viajescreativa.com\/?page_id=2477\" target=\"_blank\" rel=\"noreferrer noopener\"><img loading=\"lazy\" decoding=\"async\" width=\"244\" height=\"361\" src=\"https:\/\/viajescreativa.com\/wp-content\/uploads\/2024\/08\/11-BASICOS1-2.jpg\" alt=\"\" class=\"wp-image-2168\" style=\"box-shadow:var(--wp--preset--shadow--natural)\" srcset=\"https:\/\/viajescreativa.com\/wp-content\/uploads\/2024\/08\/11-BASICOS1-2.jpg 244w, https:\/\/viajescreativa.com\/wp-content\/uploads\/2024\/08\/11-BASICOS1-2-203x300.jpg 203w\" sizes=\"(max-width: 244px) 100vw, 244px\" \/><\/a><figcaption class=\"wp-element-caption\">DIE ESSENZ VON ANDALUSIEN<\/figcaption><\/figure>\n<\/div>\n<\/div>\n<\/div>\n\n\n\n<div class=\"wp-block-column is-layout-flow wp-block-column-is-layout-flow\">\n<div class=\"wp-block-columns is-layout-flex wp-container-core-columns-is-layout-9d6595d7 wp-block-columns-is-layout-flex\">\n<div class=\"wp-block-column is-layout-flow wp-block-column-is-layout-flow\">\n<figure class=\"wp-block-image alignfull size-full\"><a href=\"https:\/\/viajescreativa.com\/?page_id=2487\" target=\"_blank\" rel=\"noreferrer noopener\"><img loading=\"lazy\" decoding=\"async\" width=\"628\" height=\"928\" src=\"https:\/\/viajescreativa.com\/wp-content\/uploads\/2024\/08\/21collage2.jpg\" alt=\"\" class=\"wp-image-2170\" style=\"box-shadow:var(--wp--preset--shadow--natural)\" srcset=\"https:\/\/viajescreativa.com\/wp-content\/uploads\/2024\/08\/21collage2.jpg 628w, https:\/\/viajescreativa.com\/wp-content\/uploads\/2024\/08\/21collage2-203x300.jpg 203w\" sizes=\"(max-width: 628px) 100vw, 628px\" \/><\/a><figcaption class=\"wp-element-caption\">NATURREISEN<\/figcaption><\/figure>\n<\/div>\n\n\n\n<div class=\"wp-block-column is-layout-flow wp-block-column-is-layout-flow\">\n<figure class=\"wp-block-image alignfull size-full\"><a href=\"https:\/\/viajescreativa.com\/?page_id=2492\" target=\"_blank\" rel=\"noreferrer noopener\"><img loading=\"lazy\" decoding=\"async\" width=\"244\" height=\"361\" src=\"https:\/\/viajescreativa.com\/wp-content\/uploads\/2024\/08\/31collage3.jpg\" alt=\"\" class=\"wp-image-2171\" style=\"box-shadow:var(--wp--preset--shadow--natural)\" srcset=\"https:\/\/viajescreativa.com\/wp-content\/uploads\/2024\/08\/31collage3.jpg 244w, https:\/\/viajescreativa.com\/wp-content\/uploads\/2024\/08\/31collage3-203x300.jpg 203w\" sizes=\"(max-width: 244px) 100vw, 244px\" \/><\/a><figcaption class=\"wp-element-caption\">KLEINE FLUCHTEN<\/figcaption><\/figure>\n<\/div>\n<\/div>\n<\/div>\n<\/div>\n<\/div><\/div>\n\n\n\n<div class=\"wp-block-columns is-layout-flex wp-container-core-columns-is-layout-9d6595d7 wp-block-columns-is-layout-flex\">\n<div class=\"wp-block-column is-layout-flow wp-block-column-is-layout-flow\"><div class=\"wpforms-container wpforms-block wpforms-block-1c9e3381-be90-44ba-9792-bb009a08ef66\" id=\"wpforms-6\"><form id=\"wpforms-form-6\" class=\"wpforms-validate wpforms-form\" data-formid=\"6\" method=\"post\" enctype=\"multipart\/form-data\" action=\"\/index.php?rest_route=%2Fwp%2Fv2%2Fpages%2F1173\" data-token=\"2afb85d4314ae1eac3630dc82d214311\" data-token-time=\"1777657618\"><noscript class=\"wpforms-error-noscript\">Por favor, activa JavaScript en tu navegador para completar este formulario.<\/noscript><div class=\"wpforms-field-container\"><div id=\"wpforms-6-field_1-container\" class=\"wpforms-field wpforms-field-name\" data-field-id=\"1\"><label class=\"wpforms-field-label\" for=\"wpforms-6-field_1\">Name <span class=\"wpforms-required-label\">*<\/span><\/label><input type=\"text\" id=\"wpforms-6-field_1\" class=\"wpforms-field-medium wpforms-field-required\" name=\"wpforms[fields][1]\" required><\/div><div id=\"wpforms-6-field_2-container\" class=\"wpforms-field wpforms-field-email\" data-field-id=\"2\"><label class=\"wpforms-field-label\" for=\"wpforms-6-field_2\">E-mail <span class=\"wpforms-required-label\">*<\/span><\/label><input type=\"email\" id=\"wpforms-6-field_2\" class=\"wpforms-field-medium wpforms-field-required\" name=\"wpforms[fields][2]\" spellcheck=\"false\" required><\/div><div id=\"wpforms-6-field_4-container\" class=\"wpforms-field wpforms-field-select wpforms-field-select-style-classic\" data-field-id=\"4\"><label class=\"wpforms-field-label\" for=\"wpforms-6-field_4\">Eine Option ausw\u00e4hlen <span class=\"wpforms-required-label\">*<\/span><\/label><select id=\"wpforms-6-field_4\" class=\"wpforms-field-medium wpforms-field-required\" name=\"wpforms[fields][4]\" required=\"required\"><option value=\"Reiseb\u00fcro\"  selected='selected' class=\"choice-1 depth-1\"  >Reiseb\u00fcro<\/option><option value=\"Reisender\"  class=\"choice-2 depth-1\"  >Reisender<\/option><\/select><\/div><div id=\"wpforms-6-field_3-container\" class=\"wpforms-field wpforms-field-textarea\" data-field-id=\"3\"><label class=\"wpforms-field-label\" for=\"wpforms-6-field_3\">Nachricht <span class=\"wpforms-required-label\">*<\/span><\/label><textarea id=\"wpforms-6-field_3\" class=\"wpforms-field-medium wpforms-field-required\" name=\"wpforms[fields][3]\" required><\/textarea><\/div><\/div><!-- .wpforms-field-container --><div class=\"wpforms-submit-container\" ><input type=\"hidden\" name=\"wpforms[id]\" value=\"6\"><input type=\"hidden\" name=\"page_title\" value=\"\"><input type=\"hidden\" name=\"page_url\" value=\"https:\/\/viajescreativa.com\/index.php?rest_route=\/wp\/v2\/pages\/1173\"><input type=\"hidden\" name=\"url_referer\" value=\"\"><button type=\"submit\" name=\"wpforms[submit]\" id=\"wpforms-submit-6\" class=\"wpforms-submit\" data-alt-text=\"Sending...\" data-submit-text=\"Send Message\" aria-live=\"assertive\" value=\"wpforms-submit\">Send Message<\/button><\/div><\/form><\/div>  <!-- .wpforms-container --><\/div>\n\n\n\n<div class=\"wp-block-column is-layout-flow wp-block-column-is-layout-flow\">\n<p class=\"has-ast-global-color-5-color has-text-color has-background has-link-color wp-elements-aafbe019a0c69dc9e941247c6acbdfce\" style=\"background-color:#8383f8;font-size:26px\"><strong><em>Werfe einen Blick auf unseren Blog<\/em><\/strong><\/p>\n\n\n\n<figure class=\"wp-block-image aligncenter size-full\"><a href=\"https:\/\/www.viajescreativa.net\/blog.php\" target=\"_blank\" rel=\"noreferrer noopener\"><img loading=\"lazy\" decoding=\"async\" width=\"593\" height=\"313\" src=\"https:\/\/viajescreativa.com\/wp-content\/uploads\/2024\/08\/capture-20240812-184311.png\" alt=\"\" class=\"wp-image-1885\" srcset=\"https:\/\/viajescreativa.com\/wp-content\/uploads\/2024\/08\/capture-20240812-184311.png 593w, https:\/\/viajescreativa.com\/wp-content\/uploads\/2024\/08\/capture-20240812-184311-300x158.png 300w\" sizes=\"(max-width: 593px) 100vw, 593px\" \/><\/a><\/figure>\n<\/div>\n<\/div>\n","protected":false},"excerpt":{"rendered":"<p>HIGHLIGHTS: Wir schlagen euch eine perfekte Verbindung von kulturellen Besuchen in Sevilla und der Provinz Huelva mit dem Genuss der Atlantikk\u00fcste mit ihren idyllischen goldenen Sandstr\u00e4nden und wundersch\u00f6nen Sonnenunterg\u00e4ngen vor. Diese Reise ist eine Verkn\u00fcpfung von kulturellen Besuchen in Sevilla und der Provinz Huelva mit dem Genuss der Atlantikk\u00fcste mit idyllischen Str\u00e4nden mit goldenem Sand &hellip;<\/p>\n<p class=\"read-more\"> <a class=\"\" href=\"https:\/\/viajescreativa.com\/?page_id=1173\"> <span class=\"screen-reader-text\">Kultur und Strandurlaub<\/span> Leer m\u00e1s &raquo;<\/a><\/p>\n","protected":false},"author":1,"featured_media":0,"parent":0,"menu_order":0,"comment_status":"closed","ping_status":"closed","template":"elementor_header_footer","meta":{"om_disable_all_campaigns":false,"_monsterinsights_skip_tracking":false,"_monsterinsights_sitenote_active":false,"_monsterinsights_sitenote_note":"","_monsterinsights_sitenote_category":0,"site-sidebar-layout":"default","site-content-layout":"default","ast-main-header-display":"","ast-hfb-above-header-display":"","ast-hfb-below-header-display":"","ast-hfb-mobile-header-display":"","site-post-title":"","ast-breadcrumbs-content":"","ast-featured-img":"","footer-sml-layout":"","theme-transparent-header-meta":"","adv-header-id-meta":"","stick-header-meta":"","header-above-stick-meta":"","header-main-stick-meta":"","header-below-stick-meta":"","footnotes":""},"class_list":["post-1173","page","type-page","status-publish","hentry"],"aioseo_notices":[],"_links":{"self":[{"href":"https:\/\/viajescreativa.com\/index.php?rest_route=\/wp\/v2\/pages\/1173","targetHints":{"allow":["GET"]}}],"collection":[{"href":"https:\/\/viajescreativa.com\/index.php?rest_route=\/wp\/v2\/pages"}],"about":[{"href":"https:\/\/viajescreativa.com\/index.php?rest_route=\/wp\/v2\/types\/page"}],"author":[{"embeddable":true,"href":"https:\/\/viajescreativa.com\/index.php?rest_route=\/wp\/v2\/users\/1"}],"replies":[{"embeddable":true,"href":"https:\/\/viajescreativa.com\/index.php?rest_route=%2Fwp%2Fv2%2Fcomments&post=1173"}],"version-history":[{"count":14,"href":"https:\/\/viajescreativa.com\/index.php?rest_route=\/wp\/v2\/pages\/1173\/revisions"}],"predecessor-version":[{"id":2517,"href":"https:\/\/viajescreativa.com\/index.php?rest_route=\/wp\/v2\/pages\/1173\/revisions\/2517"}],"wp:attachment":[{"href":"https:\/\/viajescreativa.com\/index.php?rest_route=%2Fwp%2Fv2%2Fmedia&parent=1173"}],"curies":[{"name":"wp","href":"https:\/\/api.w.org\/{rel}","templated":true}]}}