{"id":2220,"date":"2024-08-21T08:38:30","date_gmt":"2024-08-21T08:38:30","guid":{"rendered":"https:\/\/viajescreativa.com\/?page_id=2220"},"modified":"2024-11-01T10:42:47","modified_gmt":"2024-11-01T10:42:47","slug":"geschichte-mit-dem-flair-cordobas-i","status":"publish","type":"page","link":"https:\/\/viajescreativa.com\/?page_id=2220","title":{"rendered":"Geschichte mit dem Flair C\u00f3rdobas I"},"content":{"rendered":"\n<figure class=\"wp-block-image alignfull size-full\"><img fetchpriority=\"high\" decoding=\"async\" width=\"1920\" height=\"349\" src=\"https:\/\/viajescreativa.com\/wp-content\/uploads\/2024\/08\/Geschichte-mit-dem-Flair-Cordobas-I.png\" alt=\"\" class=\"wp-image-2225\" srcset=\"https:\/\/viajescreativa.com\/wp-content\/uploads\/2024\/08\/Geschichte-mit-dem-Flair-Cordobas-I.png 1920w, https:\/\/viajescreativa.com\/wp-content\/uploads\/2024\/08\/Geschichte-mit-dem-Flair-Cordobas-I-300x55.png 300w, https:\/\/viajescreativa.com\/wp-content\/uploads\/2024\/08\/Geschichte-mit-dem-Flair-Cordobas-I-1024x186.png 1024w, https:\/\/viajescreativa.com\/wp-content\/uploads\/2024\/08\/Geschichte-mit-dem-Flair-Cordobas-I-768x140.png 768w, https:\/\/viajescreativa.com\/wp-content\/uploads\/2024\/08\/Geschichte-mit-dem-Flair-Cordobas-I-1536x279.png 1536w\" sizes=\"(max-width: 1920px) 100vw, 1920px\" \/><\/figure>\n\n\n\n<div class=\"wp-block-columns is-layout-flex wp-container-core-columns-is-layout-9d6595d7 wp-block-columns-is-layout-flex\">\n<div class=\"wp-block-column is-layout-flow wp-block-column-is-layout-flow\">\n<p><\/p>\n\n\n\n<p class=\"has-vivid-red-color has-white-background-color has-text-color has-background has-link-color wp-elements-f1e9b1e555ea0aee154dcb9f6b040668\" style=\"font-size:22px\"><strong><em>HIGHLIGHTS<\/em><\/strong><\/p>\n\n\n\n<ul class=\"wp-block-list\">\n<li><strong><em>Besichtigung von C\u00f3rdoba, Weltkulturerbe-Stadt<\/em><\/strong><\/li>\n\n\n\n<li><strong><em>Besuch einer Oliven\u00f6lm\u00fchle<\/em><\/strong><\/li>\n\n\n\n<li><strong><em>Flamenco-Pferde Show in C\u00f3rdoba<\/em><\/strong><\/li>\n<\/ul>\n<\/div>\n\n\n\n<div class=\"wp-block-column is-layout-flow wp-block-column-is-layout-flow\">\n<figure class=\"wp-block-image aligncenter size-full is-resized\"><img decoding=\"async\" width=\"1250\" height=\"1874\" src=\"http:\/\/viajescreativa.com\/wp-content\/uploads\/2022\/04\/cordoba-21.jpg\" alt=\"\" class=\"wp-image-675\" style=\"aspect-ratio:1;object-fit:cover;width:400px;height:auto\" srcset=\"https:\/\/viajescreativa.com\/wp-content\/uploads\/2022\/04\/cordoba-21.jpg 1250w, https:\/\/viajescreativa.com\/wp-content\/uploads\/2022\/04\/cordoba-21-200x300.jpg 200w, https:\/\/viajescreativa.com\/wp-content\/uploads\/2022\/04\/cordoba-21-683x1024.jpg 683w, https:\/\/viajescreativa.com\/wp-content\/uploads\/2022\/04\/cordoba-21-768x1151.jpg 768w, https:\/\/viajescreativa.com\/wp-content\/uploads\/2022\/04\/cordoba-21-1025x1536.jpg 1025w\" sizes=\"(max-width: 1250px) 100vw, 1250px\" \/><\/figure>\n<\/div>\n<\/div>\n\n\n\n<p class=\"has-white-background-color has-background\">Wir glauben daran, eine Stadt auf eine lockere und unterhaltsame Weise kennenzulernen, um ihre Essenz und ihren Lebensrhythmus zu sp\u00fcren. Ihr werdet C\u00f3rdoba durch ihre Geschichte und k\u00f6stliche Gastronomie entdecken und die Leidenschaft des Flamenco zusammen mit der Pracht der andalusischen Pferde erleben. Wir haben diese Routen durch C\u00f3rdoba und ihre Provinz so konzipiert, dass ihr euch sich vom Charme der Stadt bezaubern lassen k\u00f6nnt.<br>Taucht ein in das einzigartige Flair von C\u00f3rdoba!<\/p>\n\n\n\n<figure class=\"wp-block-gallery aligncenter has-nested-images columns-default is-cropped wp-block-gallery-1 is-layout-flex wp-block-gallery-is-layout-flex\">\n<figure class=\"wp-block-image aligncenter size-full\"><img decoding=\"async\" width=\"900\" height=\"400\" data-id=\"2221\" src=\"https:\/\/viajescreativa.com\/wp-content\/uploads\/2024\/08\/cordoba-1.jpg\" alt=\"\" class=\"wp-image-2221\" srcset=\"https:\/\/viajescreativa.com\/wp-content\/uploads\/2024\/08\/cordoba-1.jpg 900w, https:\/\/viajescreativa.com\/wp-content\/uploads\/2024\/08\/cordoba-1-300x133.jpg 300w, https:\/\/viajescreativa.com\/wp-content\/uploads\/2024\/08\/cordoba-1-768x341.jpg 768w\" sizes=\"(max-width: 900px) 100vw, 900px\" \/><\/figure>\n<\/figure>\n\n\n\n<div class=\"wp-block-group is-layout-constrained wp-block-group-is-layout-constrained\"><div class=\"wp-block-group__inner-container\">\n<h1 class=\"wp-block-heading has-white-background-color has-background\" style=\"font-size:30px\"><strong><em>REISEBESCHREIBUNG: Geschichte mit dem Flair C\u00f3rdobas I<\/em><\/strong><\/h1>\n\n\n\n<p class=\"has-white-background-color has-background\"><br>Taucht ein in ein 4-t\u00e4giges Erlebnis in C\u00f3rdoba, einer Stadt, die auf eine tausendj\u00e4hrige Geschichte zur\u00fcckblickt und als Juwel des Umayyaden-Kalifats von al-Andalus erstrahlt. C\u00f3rdoba ist die Geburtsstadt von Seneca, Ibn Rushd und Mosche ben Maimon \u2013 drei der gr\u00f6\u00dften Denker der Menschheitsgeschichte. Die Stadt hat ihren mittelalterlichen Charme bewahrt, mit verwinkelten Gassen, die von lebendigen Gesch\u00e4ften, gem\u00fctlichen Bars und traditionellen Restaurants ges\u00e4umt sind. Hier findet ihr auch ehemalige Moscheen, heute Kirchen, eine historische Synagoge und eines der beeindruckenden Denkm\u00e4ler der Welt: die Moschee-Kathedrale. Diese Moschee ist eine der \u00e4ltesten auf der Iberischen Halbinsel und wurde w\u00e4hrend der Zeit des Emirats und des Umayyaden-Kalifats stetig erweitert, bis Kaiser Karl V. sie teilweise umgestaltete, um eine Renaissance-Kathedrale im Herzen des Bauwerks zu errichten. Heute vereint die Moschee-Kathedrale das Beste der islamischen und der Renaissancekunst in einem beeindruckenden Bauwerk.<br>Die Provinz C\u00f3rdoba ist gepr\u00e4gt von einer vielf\u00e4ltigen Landschaft aus Olivenhainen, Weinbergen und Getreidefeldern, eingebettet in Naturschutzgebiete und malerische D\u00f6rfer. Diese liegen teils an den steilen H\u00e4ngen der Subb\u00e9tica, teils im fruchtbaren Tal des Guadalquivir oder in n\u00f6rdlichen Regionen, umgeben von ausgedehnten Weidefl\u00e4chen.<br>Unsere Route f\u00fchrt euch nicht nur durch die Geschichte, sondern auch durch die reichhaltige Gastronomie C\u00f3rdobas, die eng mit dieser Geschichte verbunden ist. Viele der traditionellen Gerichte der Region haben ihre Wurzeln in der arabischen und sephardischen K\u00fcche. Abgerundet wird dieses kulturelle und kulinarische Erlebnis durch den Besuch einer Oliven\u00f6lm\u00fchle oder einer Weinkellerei, je nach eurer gew\u00e4hlten Route.<br>Kommt mit und entdeckt C\u00f3rdoba und seine Umgebung! Tauche ein in die Geschichte und genie\u00dft ihre k\u00f6stliche Gastronomie!<\/p>\n<\/div><\/div>\n\n\n\n<div class=\"wp-block-columns is-layout-flex wp-container-core-columns-is-layout-9d6595d7 wp-block-columns-is-layout-flex\">\n<div class=\"wp-block-column is-layout-flow wp-block-column-is-layout-flow\">\n<div class=\"wp-block-group has-white-background-color has-background is-layout-constrained wp-block-group-is-layout-constrained\"><div class=\"wp-block-group__inner-container\">\n<p><strong>REISEVERLAUF:<\/strong><\/p>\n\n\n\n<p><strong>Tag 1: Willkommen in C\u00f3rdoba!<\/strong><br>Ankunft im Hotel und Freizeit bis zum Treffen mit dem Reiseveranstalter an der Hotelrezeption, um das Reiseprogramm durchzugehen. Zur vereinbarten Zeit holt Sie der \u00f6rtliche Stadtf\u00fchrer im Hotel ab und begleitet Sie auf einen kulinarischen Stadtrundgang. R\u00fcckkehr zum Hotel zu Fu\u00df.<\/p>\n\n\n\n<p><strong>Tag 2: C\u00f3rdoba<\/strong><br>Nach dem Fr\u00fchst\u00fcck beginnt die Stadtbesichtigung mit dem \u00f6rtlichen Stadtf\u00fchrer. Ihr besucht die Moschee-Kathedrale und spaziert durch das alte j\u00fcdische Viertel, wobei ein besonderer Schwerpunkt auf der Geschichte der Gastronomie C\u00f3rdobas liegt. Anschlie\u00dfend genie\u00dft ihr in einem Restaurant eine k\u00f6stliche Auswahl an lokalen Gerichten. Der Nachmittag steht euch zur freien Verf\u00fcgung, um die charmanten Ecken der Stadt auf eigene Faust zu erkunden. Am Abend begleitet euch der Reiseleiter zu den k\u00f6niglichen Pferdest\u00e4llen, um der Show \u201eC\u00f3rdoba Ecuestre\u201c zu erleben. Danach habt ihr freie Zeit, um die lokale K\u00fcche auf eigene Faust zu erkunden.<\/p>\n\n\n\n<p><strong>Tag 3: Oliven\u00f6l-Route<\/strong><br>Nach dem Fr\u00fchst\u00fcck im Hotel fahrt ihr mit dem Bus zu einer \u00d6lm\u00fchle, wo euch die Herstellung von Oliven\u00f6l gezeigt wird und ihr werdet an einer Verkostung teilnehmen. Danach geht der Ausflug weiter nach Zuheros, wo ihr einen Spaziergang durch die Ortschaft macht, bevor es nach Luque weitergeht und wo euch ein besonderes Mittagessen erwartet. R\u00fcckfahrt nach C\u00f3rdoba. Den letzten Abend verbringt ihr mit dem Genuss sephardischer Aromen in einem Restaurant der Stadt.<\/p>\n\n\n\n<p><strong>Tag 4: Hasta Pronto !<\/strong><br>Fr\u00fchst\u00fcck im Hotel<\/p>\n<\/div><\/div>\n<\/div>\n\n\n\n<div class=\"wp-block-column is-layout-flow wp-block-column-is-layout-flow\">\n<div class=\"wp-block-group is-layout-constrained wp-block-group-is-layout-constrained\"><div class=\"wp-block-group__inner-container\">\n<p><strong>INBEGRIFFENE LEISTUNGEN:<\/strong><\/p>\n\n\n\n<ul class=\"wp-block-list\">\n<li>3-4-Sterne-Hotel in der Stadt mit \u00dcbernachtung und Fr\u00fchst\u00fcck.<\/li>\n\n\n\n<li>\u00d6rtlicher Stadtf\u00fchrer<\/li>\n\n\n\n<li>Reiseleiter f\u00fcr alle Aktivit\u00e4ten<\/li>\n\n\n\n<li>Eintrittsgelder: Moschee-Kathedrale<\/li>\n\n\n\n<li>Flamenco-Reitshow \u201eCordoba Ecuestre\u201c.<\/li>\n\n\n\n<li>Besuch einer Oliven\u00f6lm\u00fchle<\/li>\n\n\n\n<li>Speisen:<\/li>\n\n\n\n<li>Tag 1: Tapas-Tour-Abendessen<\/li>\n\n\n\n<li>Tag 2: Mittagessen mit Verkostung<\/li>\n\n\n\n<li>Tag 3: Mittagessen in Luque und sephardisches Abendessen<\/li>\n\n\n\n<li>Ausflug Tag 3: klimatisierter Bus, Reiseleiter, Besichtigung einer Oliven\u00f6lm\u00fchle, Mittagessen in Luque, Spazierg\u00e4nge durch Zuheros und Luque.<\/li>\n\n\n\n<li>Audiosystem<\/li>\n\n\n\n<li>Reiseversicherung<\/li>\n<\/ul>\n\n\n\n<p class=\"has-text-align-left has-black-color has-text-color has-link-color wp-elements-b2e9c03597182b69ccbce2034a0ece57\"><strong>NICHT INBEGRIFFEN<\/strong><\/p>\n\n\n\n<ul class=\"wp-block-list\">\n<li>Internationale Fl\u00fcge und Inlandsfl\u00fcge<\/li>\n\n\n\n<li>Flughafengeb\u00fchren<\/li>\n\n\n\n<li>Visum, falls erforderlich<\/li>\n\n\n\n<li>Trinkgelder<\/li>\n\n\n\n<li>Gep\u00e4cktr\u00e4gerdienst<\/li>\n\n\n\n<li>Eintrittsgelder f\u00fcr Sehensw\u00fcrdigkeiten, die nicht ausdr\u00fccklich im Programm aufgef\u00fchrt sind<\/li>\n\n\n\n<li>Sonstige, nicht im Programm angegebene Leistungen<\/li>\n<\/ul>\n\n\n\n<div class=\"wp-block-group has-white-background-color has-background is-layout-constrained wp-block-group-is-layout-constrained\"><div class=\"wp-block-group__inner-container\">\n<figure class=\"wp-block-image aligncenter size-full is-resized\"><img loading=\"lazy\" decoding=\"async\" width=\"900\" height=\"600\" src=\"https:\/\/viajescreativa.com\/wp-content\/uploads\/2024\/08\/corodba-8238.jpg\" alt=\"\" class=\"wp-image-2222\" style=\"width:328px;height:auto\" srcset=\"https:\/\/viajescreativa.com\/wp-content\/uploads\/2024\/08\/corodba-8238.jpg 900w, https:\/\/viajescreativa.com\/wp-content\/uploads\/2024\/08\/corodba-8238-300x200.jpg 300w, https:\/\/viajescreativa.com\/wp-content\/uploads\/2024\/08\/corodba-8238-768x512.jpg 768w\" sizes=\"(max-width: 900px) 100vw, 900px\" \/><\/figure>\n<\/div><\/div>\n<\/div><\/div>\n<\/div>\n<\/div>\n\n\n\n<div class=\"wp-block-cover alignfull is-light\" style=\"min-height:548px;aspect-ratio:unset;\"><span aria-hidden=\"true\" class=\"wp-block-cover__background has-ast-global-color-5-background-color has-background-dim-20 has-background-dim\"><\/span><img loading=\"lazy\" decoding=\"async\" width=\"1920\" height=\"1920\" class=\"wp-block-cover__image-background wp-image-1729\" alt=\"\" src=\"https:\/\/viajescreativa.com\/wp-content\/uploads\/2024\/07\/collage-caratula-blanco-1.jpg\" data-object-fit=\"cover\" srcset=\"https:\/\/viajescreativa.com\/wp-content\/uploads\/2024\/07\/collage-caratula-blanco-1.jpg 1920w, https:\/\/viajescreativa.com\/wp-content\/uploads\/2024\/07\/collage-caratula-blanco-1-300x300.jpg 300w, https:\/\/viajescreativa.com\/wp-content\/uploads\/2024\/07\/collage-caratula-blanco-1-1024x1024.jpg 1024w, https:\/\/viajescreativa.com\/wp-content\/uploads\/2024\/07\/collage-caratula-blanco-1-150x150.jpg 150w, https:\/\/viajescreativa.com\/wp-content\/uploads\/2024\/07\/collage-caratula-blanco-1-768x768.jpg 768w, https:\/\/viajescreativa.com\/wp-content\/uploads\/2024\/07\/collage-caratula-blanco-1-1536x1536.jpg 1536w\" sizes=\"(max-width: 1920px) 100vw, 1920px\" \/><div class=\"wp-block-cover__inner-container is-layout-flow wp-block-cover-is-layout-flow\">\n<div class=\"wp-block-columns is-layout-flex wp-container-core-columns-is-layout-9d6595d7 wp-block-columns-is-layout-flex\">\n<div class=\"wp-block-column is-layout-flow wp-block-column-is-layout-flow\">\n<div class=\"wp-block-columns is-layout-flex wp-container-core-columns-is-layout-9d6595d7 wp-block-columns-is-layout-flex\">\n<div class=\"wp-block-column is-layout-flow wp-block-column-is-layout-flow\">\n<figure class=\"wp-block-image alignfull size-full\"><a href=\"https:\/\/viajescreativa.com\/?page_id=2210\" target=\"_blank\" rel=\"noreferrer noopener\"><img loading=\"lazy\" decoding=\"async\" width=\"262\" height=\"387\" src=\"https:\/\/viajescreativa.com\/wp-content\/uploads\/2024\/08\/5-GASTRONOMICO-ALEMAN.jpg\" alt=\"\" class=\"wp-image-2153\" style=\"box-shadow:var(--wp--preset--shadow--natural)\" srcset=\"https:\/\/viajescreativa.com\/wp-content\/uploads\/2024\/08\/5-GASTRONOMICO-ALEMAN.jpg 262w, https:\/\/viajescreativa.com\/wp-content\/uploads\/2024\/08\/5-GASTRONOMICO-ALEMAN-203x300.jpg 203w\" sizes=\"(max-width: 262px) 100vw, 262px\" \/><\/a><figcaption class=\"wp-element-caption\">GENUSSVOLLE              ROUTEN<\/figcaption><\/figure>\n<\/div>\n\n\n\n<div class=\"wp-block-column is-layout-flow wp-block-column-is-layout-flow\">\n<figure class=\"wp-block-image alignfull size-full\"><a href=\"https:\/\/viajescreativa.com\/?page_id=2439\" target=\"_blank\" rel=\"noreferrer noopener\"><img loading=\"lazy\" decoding=\"async\" width=\"244\" height=\"361\" src=\"https:\/\/viajescreativa.com\/wp-content\/uploads\/2024\/08\/THEMENREISEN.jpg\" alt=\"\" class=\"wp-image-2154\" style=\"box-shadow:var(--wp--preset--shadow--natural)\" srcset=\"https:\/\/viajescreativa.com\/wp-content\/uploads\/2024\/08\/THEMENREISEN.jpg 244w, https:\/\/viajescreativa.com\/wp-content\/uploads\/2024\/08\/THEMENREISEN-203x300.jpg 203w\" sizes=\"(max-width: 244px) 100vw, 244px\" \/><\/a><figcaption class=\"wp-element-caption\">THEMENREISEN<\/figcaption><\/figure>\n<\/div>\n<\/div>\n<\/div>\n\n\n\n<div class=\"wp-block-column is-layout-flow wp-block-column-is-layout-flow\">\n<div class=\"wp-block-columns is-layout-flex wp-container-core-columns-is-layout-9d6595d7 wp-block-columns-is-layout-flex\">\n<div class=\"wp-block-column is-layout-flow wp-block-column-is-layout-flow\">\n<figure class=\"wp-block-image alignfull size-full\"><a href=\"https:\/\/viajescreativa.com\/?page_id=2299\" target=\"_blank\" rel=\"noreferrer noopener\"><img loading=\"lazy\" decoding=\"async\" width=\"244\" height=\"360\" src=\"https:\/\/viajescreativa.com\/wp-content\/uploads\/2024\/08\/SLOWTRAVEL-1.jpg\" alt=\"\" class=\"wp-image-2165\" style=\"box-shadow:var(--wp--preset--shadow--natural)\" srcset=\"https:\/\/viajescreativa.com\/wp-content\/uploads\/2024\/08\/SLOWTRAVEL-1.jpg 244w, https:\/\/viajescreativa.com\/wp-content\/uploads\/2024\/08\/SLOWTRAVEL-1-203x300.jpg 203w\" sizes=\"(max-width: 244px) 100vw, 244px\" \/><\/a><figcaption class=\"wp-element-caption\">SLOW TRAVEL<\/figcaption><\/figure>\n<\/div>\n\n\n\n<div class=\"wp-block-column is-layout-flow wp-block-column-is-layout-flow\">\n<figure class=\"wp-block-image alignfull size-full\"><a href=\"https:\/\/viajescreativa.com\/?page_id=2477\" target=\"_blank\" rel=\"noreferrer noopener\"><img loading=\"lazy\" decoding=\"async\" width=\"244\" height=\"361\" src=\"https:\/\/viajescreativa.com\/wp-content\/uploads\/2024\/08\/11-BASICOS1-2.jpg\" alt=\"\" class=\"wp-image-2168\" style=\"box-shadow:var(--wp--preset--shadow--natural)\" srcset=\"https:\/\/viajescreativa.com\/wp-content\/uploads\/2024\/08\/11-BASICOS1-2.jpg 244w, https:\/\/viajescreativa.com\/wp-content\/uploads\/2024\/08\/11-BASICOS1-2-203x300.jpg 203w\" sizes=\"(max-width: 244px) 100vw, 244px\" \/><\/a><figcaption class=\"wp-element-caption\">DIE ESSENZ VON ANDALUSIEN<\/figcaption><\/figure>\n<\/div>\n<\/div>\n<\/div>\n\n\n\n<div class=\"wp-block-column is-layout-flow wp-block-column-is-layout-flow\">\n<div class=\"wp-block-columns is-layout-flex wp-container-core-columns-is-layout-9d6595d7 wp-block-columns-is-layout-flex\">\n<div class=\"wp-block-column is-layout-flow wp-block-column-is-layout-flow\">\n<figure class=\"wp-block-image alignfull size-full\"><a href=\"https:\/\/viajescreativa.com\/?page_id=2487\" target=\"_blank\" rel=\"noreferrer noopener\"><img loading=\"lazy\" decoding=\"async\" width=\"628\" height=\"928\" src=\"https:\/\/viajescreativa.com\/wp-content\/uploads\/2024\/08\/21collage2.jpg\" alt=\"\" class=\"wp-image-2170\" style=\"box-shadow:var(--wp--preset--shadow--natural)\" srcset=\"https:\/\/viajescreativa.com\/wp-content\/uploads\/2024\/08\/21collage2.jpg 628w, https:\/\/viajescreativa.com\/wp-content\/uploads\/2024\/08\/21collage2-203x300.jpg 203w\" sizes=\"(max-width: 628px) 100vw, 628px\" \/><\/a><figcaption class=\"wp-element-caption\">NATURREISEN<\/figcaption><\/figure>\n<\/div>\n\n\n\n<div class=\"wp-block-column is-layout-flow wp-block-column-is-layout-flow\">\n<figure class=\"wp-block-image alignfull size-full\"><a href=\"https:\/\/viajescreativa.com\/?page_id=2492\" target=\"_blank\" rel=\"noreferrer noopener\"><img loading=\"lazy\" decoding=\"async\" width=\"244\" height=\"361\" src=\"https:\/\/viajescreativa.com\/wp-content\/uploads\/2024\/08\/31collage3.jpg\" alt=\"\" class=\"wp-image-2171\" style=\"box-shadow:var(--wp--preset--shadow--natural)\" srcset=\"https:\/\/viajescreativa.com\/wp-content\/uploads\/2024\/08\/31collage3.jpg 244w, https:\/\/viajescreativa.com\/wp-content\/uploads\/2024\/08\/31collage3-203x300.jpg 203w\" sizes=\"(max-width: 244px) 100vw, 244px\" \/><\/a><figcaption class=\"wp-element-caption\">KLEINE FLUCHTEN<\/figcaption><\/figure>\n<\/div>\n<\/div>\n<\/div>\n<\/div>\n<\/div><\/div>\n\n\n\n<div class=\"wp-block-columns is-layout-flex wp-container-core-columns-is-layout-9d6595d7 wp-block-columns-is-layout-flex\">\n<div class=\"wp-block-column is-layout-flow wp-block-column-is-layout-flow\"><div class=\"wpforms-container wpforms-block wpforms-block-1c9e3381-be90-44ba-9792-bb009a08ef66\" id=\"wpforms-6\"><form id=\"wpforms-form-6\" class=\"wpforms-validate wpforms-form\" data-formid=\"6\" method=\"post\" enctype=\"multipart\/form-data\" action=\"\/index.php?rest_route=%2Fwp%2Fv2%2Fpages%2F2220\" data-token=\"b1d2213821b5bfb3e5c7fa45a3a11f39\" data-token-time=\"1777473254\"><noscript class=\"wpforms-error-noscript\">Por favor, activa JavaScript en tu navegador para completar este formulario.<\/noscript><div class=\"wpforms-field-container\"><div id=\"wpforms-6-field_1-container\" class=\"wpforms-field wpforms-field-name\" data-field-id=\"1\"><label class=\"wpforms-field-label\" for=\"wpforms-6-field_1\">Name <span class=\"wpforms-required-label\">*<\/span><\/label><input type=\"text\" id=\"wpforms-6-field_1\" class=\"wpforms-field-medium wpforms-field-required\" name=\"wpforms[fields][1]\" required><\/div><div id=\"wpforms-6-field_2-container\" class=\"wpforms-field wpforms-field-email\" data-field-id=\"2\"><label class=\"wpforms-field-label\" for=\"wpforms-6-field_2\">E-mail <span class=\"wpforms-required-label\">*<\/span><\/label><input type=\"email\" id=\"wpforms-6-field_2\" class=\"wpforms-field-medium wpforms-field-required\" name=\"wpforms[fields][2]\" spellcheck=\"false\" required><\/div><div id=\"wpforms-6-field_4-container\" class=\"wpforms-field wpforms-field-select wpforms-field-select-style-classic\" data-field-id=\"4\"><label class=\"wpforms-field-label\" for=\"wpforms-6-field_4\">Eine Option ausw\u00e4hlen <span class=\"wpforms-required-label\">*<\/span><\/label><select id=\"wpforms-6-field_4\" class=\"wpforms-field-medium wpforms-field-required\" name=\"wpforms[fields][4]\" required=\"required\"><option value=\"Reiseb\u00fcro\"  selected='selected' class=\"choice-1 depth-1\"  >Reiseb\u00fcro<\/option><option value=\"Reisender\"  class=\"choice-2 depth-1\"  >Reisender<\/option><\/select><\/div><div id=\"wpforms-6-field_3-container\" class=\"wpforms-field wpforms-field-textarea\" data-field-id=\"3\"><label class=\"wpforms-field-label\" for=\"wpforms-6-field_3\">Nachricht <span class=\"wpforms-required-label\">*<\/span><\/label><textarea id=\"wpforms-6-field_3\" class=\"wpforms-field-medium wpforms-field-required\" name=\"wpforms[fields][3]\" required><\/textarea><\/div><\/div><!-- .wpforms-field-container --><div class=\"wpforms-submit-container\" ><input type=\"hidden\" name=\"wpforms[id]\" value=\"6\"><input type=\"hidden\" name=\"page_title\" value=\"\"><input type=\"hidden\" name=\"page_url\" value=\"https:\/\/viajescreativa.com\/index.php?rest_route=\/wp\/v2\/pages\/2220\"><input type=\"hidden\" name=\"url_referer\" value=\"\"><button type=\"submit\" name=\"wpforms[submit]\" id=\"wpforms-submit-6\" class=\"wpforms-submit\" data-alt-text=\"Sending...\" data-submit-text=\"Send Message\" aria-live=\"assertive\" value=\"wpforms-submit\">Send Message<\/button><\/div><\/form><\/div>  <!-- .wpforms-container --><\/div>\n\n\n\n<div class=\"wp-block-column is-layout-flow wp-block-column-is-layout-flow\">\n<p class=\"has-ast-global-color-5-color has-text-color has-background has-link-color wp-elements-aafbe019a0c69dc9e941247c6acbdfce\" style=\"background-color:#8383f8;font-size:26px\"><strong><em>Werfe einen Blick auf unseren Blog<\/em><\/strong><\/p>\n\n\n\n<figure class=\"wp-block-image aligncenter size-full\"><a href=\"https:\/\/www.viajescreativa.net\/blog.php\" target=\"_blank\" rel=\"noreferrer noopener\"><img loading=\"lazy\" decoding=\"async\" width=\"593\" height=\"313\" src=\"https:\/\/viajescreativa.com\/wp-content\/uploads\/2024\/08\/capture-20240812-184311.png\" alt=\"\" class=\"wp-image-1885\" srcset=\"https:\/\/viajescreativa.com\/wp-content\/uploads\/2024\/08\/capture-20240812-184311.png 593w, https:\/\/viajescreativa.com\/wp-content\/uploads\/2024\/08\/capture-20240812-184311-300x158.png 300w\" sizes=\"(max-width: 593px) 100vw, 593px\" \/><\/a><\/figure>\n<\/div>\n<\/div>\n","protected":false},"excerpt":{"rendered":"<p>HIGHLIGHTS Wir glauben daran, eine Stadt auf eine lockere und unterhaltsame Weise kennenzulernen, um ihre Essenz und ihren Lebensrhythmus zu sp\u00fcren. Ihr werdet C\u00f3rdoba durch ihre Geschichte und k\u00f6stliche Gastronomie entdecken und die Leidenschaft des Flamenco zusammen mit der Pracht der andalusischen Pferde erleben. Wir haben diese Routen durch C\u00f3rdoba und ihre Provinz so konzipiert, &hellip;<\/p>\n<p class=\"read-more\"> <a class=\"\" href=\"https:\/\/viajescreativa.com\/?page_id=2220\"> <span class=\"screen-reader-text\">Geschichte mit dem Flair C\u00f3rdobas I<\/span> Leer m\u00e1s &raquo;<\/a><\/p>\n","protected":false},"author":1,"featured_media":0,"parent":0,"menu_order":0,"comment_status":"closed","ping_status":"closed","template":"elementor_header_footer","meta":{"om_disable_all_campaigns":false,"_monsterinsights_skip_tracking":false,"_monsterinsights_sitenote_active":false,"_monsterinsights_sitenote_note":"","_monsterinsights_sitenote_category":0,"site-sidebar-layout":"default","site-content-layout":"default","ast-main-header-display":"","ast-hfb-above-header-display":"","ast-hfb-below-header-display":"","ast-hfb-mobile-header-display":"","site-post-title":"","ast-breadcrumbs-content":"","ast-featured-img":"","footer-sml-layout":"","theme-transparent-header-meta":"","adv-header-id-meta":"","stick-header-meta":"","header-above-stick-meta":"","header-main-stick-meta":"","header-below-stick-meta":"","footnotes":""},"class_list":["post-2220","page","type-page","status-publish","hentry"],"aioseo_notices":[],"_links":{"self":[{"href":"https:\/\/viajescreativa.com\/index.php?rest_route=\/wp\/v2\/pages\/2220","targetHints":{"allow":["GET"]}}],"collection":[{"href":"https:\/\/viajescreativa.com\/index.php?rest_route=\/wp\/v2\/pages"}],"about":[{"href":"https:\/\/viajescreativa.com\/index.php?rest_route=\/wp\/v2\/types\/page"}],"author":[{"embeddable":true,"href":"https:\/\/viajescreativa.com\/index.php?rest_route=\/wp\/v2\/users\/1"}],"replies":[{"embeddable":true,"href":"https:\/\/viajescreativa.com\/index.php?rest_route=%2Fwp%2Fv2%2Fcomments&post=2220"}],"version-history":[{"count":8,"href":"https:\/\/viajescreativa.com\/index.php?rest_route=\/wp\/v2\/pages\/2220\/revisions"}],"predecessor-version":[{"id":2512,"href":"https:\/\/viajescreativa.com\/index.php?rest_route=\/wp\/v2\/pages\/2220\/revisions\/2512"}],"wp:attachment":[{"href":"https:\/\/viajescreativa.com\/index.php?rest_route=%2Fwp%2Fv2%2Fmedia&parent=2220"}],"curies":[{"name":"wp","href":"https:\/\/api.w.org\/{rel}","templated":true}]}}