{"id":608,"date":"2022-04-03T11:49:04","date_gmt":"2022-04-03T11:49:04","guid":{"rendered":"https:\/\/viajescreativa.com\/?page_id=608"},"modified":"2024-11-01T11:06:48","modified_gmt":"2024-11-01T11:06:48","slug":"kurzurlaub-in-andalusien","status":"publish","type":"page","link":"https:\/\/viajescreativa.com\/?page_id=608","title":{"rendered":"FLUCHTREISE ANDALUSIEN"},"content":{"rendered":"\n<figure class=\"wp-block-image alignfull size-full\"><img fetchpriority=\"high\" decoding=\"async\" width=\"1920\" height=\"349\" src=\"https:\/\/viajescreativa.com\/wp-content\/uploads\/2024\/08\/Fluchtreise-Andalusien.png\" alt=\"\" class=\"wp-image-2058\" srcset=\"https:\/\/viajescreativa.com\/wp-content\/uploads\/2024\/08\/Fluchtreise-Andalusien.png 1920w, https:\/\/viajescreativa.com\/wp-content\/uploads\/2024\/08\/Fluchtreise-Andalusien-300x55.png 300w, https:\/\/viajescreativa.com\/wp-content\/uploads\/2024\/08\/Fluchtreise-Andalusien-1024x186.png 1024w, https:\/\/viajescreativa.com\/wp-content\/uploads\/2024\/08\/Fluchtreise-Andalusien-768x140.png 768w, https:\/\/viajescreativa.com\/wp-content\/uploads\/2024\/08\/Fluchtreise-Andalusien-1536x279.png 1536w\" sizes=\"(max-width: 1920px) 100vw, 1920px\" \/><\/figure>\n\n\n\n<div class=\"wp-block-columns is-layout-flex wp-container-core-columns-is-layout-9d6595d7 wp-block-columns-is-layout-flex\">\n<div class=\"wp-block-column is-layout-flow wp-block-column-is-layout-flow\">\n<p><\/p>\n\n\n\n<p class=\"has-vivid-red-color has-white-background-color has-text-color has-background has-link-color wp-elements-91332145f1d4e635123e506c9a81db15\" style=\"font-size:22px\"><strong><em>HIGHLIGHTS:<\/em><\/strong><\/p>\n\n\n\n<ul class=\"wp-block-list\">\n<li>Besuch von 2 Weltkulturerbe-St\u00e4dten<\/li>\n\n\n\n<li>Spaziergang durch M\u00e1laga, die Stadt der Museen<\/li>\n<\/ul>\n<\/div>\n\n\n\n<div class=\"wp-block-column is-layout-flow wp-block-column-is-layout-flow\">\n<figure class=\"wp-block-image aligncenter size-full\"><img decoding=\"async\" width=\"704\" height=\"412\" src=\"https:\/\/viajescreativa.com\/wp-content\/uploads\/2024\/08\/escapada-andalucia.jpg\" alt=\"\" class=\"wp-image-2053\" srcset=\"https:\/\/viajescreativa.com\/wp-content\/uploads\/2024\/08\/escapada-andalucia.jpg 704w, https:\/\/viajescreativa.com\/wp-content\/uploads\/2024\/08\/escapada-andalucia-300x176.jpg 300w\" sizes=\"(max-width: 704px) 100vw, 704px\" \/><\/figure>\n<\/div>\n<\/div>\n\n\n\n<p class=\"has-white-background-color has-background\">Erleben Sie eine faszinierende Reise durch drei der bedeutendsten St\u00e4dte Andalusiens: M\u00e1laga, Sevilla und C\u00f3rdoba.<\/p>\n\n\n\n<figure class=\"wp-block-gallery aligncenter has-nested-images columns-default is-cropped wp-block-gallery-1 is-layout-flex wp-block-gallery-is-layout-flex\">\n<figure class=\"wp-block-image alignfull size-full\"><img decoding=\"async\" width=\"900\" height=\"300\" data-id=\"2054\" src=\"https:\/\/viajescreativa.com\/wp-content\/uploads\/2024\/08\/radial-malaga-sevilla-1.jpg\" alt=\"\" class=\"wp-image-2054\" srcset=\"https:\/\/viajescreativa.com\/wp-content\/uploads\/2024\/08\/radial-malaga-sevilla-1.jpg 900w, https:\/\/viajescreativa.com\/wp-content\/uploads\/2024\/08\/radial-malaga-sevilla-1-300x100.jpg 300w, https:\/\/viajescreativa.com\/wp-content\/uploads\/2024\/08\/radial-malaga-sevilla-1-768x256.jpg 768w\" sizes=\"(max-width: 900px) 100vw, 900px\" \/><\/figure>\n<\/figure>\n\n\n\n<div class=\"wp-block-group is-layout-constrained wp-block-group-is-layout-constrained\"><div class=\"wp-block-group__inner-container\">\n<p class=\"has-white-background-color has-background\">Auf dieser 4-t\u00e4gigen Reise mit 3 \u00dcbernachtungen entdecken Sie die reiche Geschichte, die lebendige Kultur und die bedeutenden Denkm\u00e4ler, die diese einzigartige Region Spaniens pr\u00e4gen. Die Reise beginnt in M\u00e1laga, einer mediterranen Stadt mit einem pulsierenden kulturellen Leben. Ihre Stra\u00dfen sind voller Geschichte und bieten eine gelungene Mischung aus alten und modernen Bauwerken, die die Entwicklung der Stadt im Laufe der Jahrhunderte widerspiegeln. Sie werden Sevilla entdecken, die gr\u00f6\u00dfte Stadt und Hauptstadt Andalusiens. Bekannt f\u00fcr ihre eindrucksvolle Kathedrale, den Giralda-Turm und den ber\u00fchmten Alc\u00e1zar, bietet Sevilla ein Erlebnis voller Tradition und Sch\u00f6nheit. Das zauberhafte C\u00f3rdoba wird Sie mit seinem Charme begeistern. Die zum Weltkulturerbe erkl\u00e4rte Moschee-Kathedrale ist eines der beeindruckenden und sch\u00f6nsten Denkm\u00e4ler der Welt. Das alte j\u00fcdische Viertel beherbergt eine der \u00e4ltesten Synagogen Spaniens, ein Zeugnis der Koexistenz der drei gro\u00dfen monotheistischen Religionen. Dieser Kurztrip endet mit der R\u00fcckkehr nach M\u00e1laga. Der Sinn dieser Reise ist es, dass Sie vom Alltag abschalten und ein paar Tage in Andalusien genie\u00dfen k\u00f6nnen und unvergessliche Erinnerungen im Koffer mit Heim bringen.&nbsp;<\/p>\n<\/div><\/div>\n\n\n\n<div class=\"wp-block-columns is-layout-flex wp-container-core-columns-is-layout-9d6595d7 wp-block-columns-is-layout-flex\">\n<div class=\"wp-block-column is-layout-flow wp-block-column-is-layout-flow\">\n<div class=\"wp-block-group has-white-background-color has-background is-layout-constrained wp-block-group-is-layout-constrained\"><div class=\"wp-block-group__inner-container\">\n<p><strong>REISEVERLAUF:<\/strong><\/p>\n\n\n\n<p><strong>TAG 1: Willkommen in Andalusien!<\/strong><\/p>\n\n\n\n<p>Ankunft am Flughafen von Malaga. Nachmittags Spaziergang durch die Stadt M\u00e1laga mit dem Reiseleiter. Abendessen im Hotel an der Costa del Sol.<\/p>\n\n\n\n<p><strong>2. TAG: M\u00e1laga &#8211; Sevilla<\/strong><\/p>\n\n\n\n<p>Fr\u00fchst\u00fcck im Hotel. Abfahrt nach Sevilla, Treffen mit dem \u00f6rtlichen Stadtf\u00fchrer f\u00fcr die Besichtigung der Stadt mit der Kathedrale. Danach haben Sie freie Zeit, um die Stadt auf eigene Faust zu erkunden. Abendessen zur freien Verf\u00fcgung und Unterbringung in einem Hotel in Sevilla.<\/p>\n\n\n\n<p><strong>3. TAG: Von Sevilla &#8211; C\u00f3rdoba &#8211; M\u00e1laga&nbsp;<\/strong><\/p>\n\n\n\n<p>Fr\u00fchst\u00fcck im Hotel. Abfahrt nach C\u00f3rdoba, Treffen mit dem \u00f6rtlichen Stadtf\u00fchrer f\u00fcr die Besichtigung der Moschee-Kathedrale. Danach haben Sie Zeit zur freien Verf\u00fcgung, um die Stadt zu erkunden, bevor Sie nach M\u00e1laga zur\u00fcckkehren. Abendessen und \u00dcbernachtung im Hotel Costa del Sol.<\/p>\n\n\n\n<p><strong>4. TAG: Hasta Pronto!<\/strong><\/p>\n\n\n\n<p>Fr\u00fchst\u00fcck und Ende der Reise.<\/p>\n<\/div><\/div>\n<\/div>\n\n\n\n<div class=\"wp-block-column is-layout-flow wp-block-column-is-layout-flow\">\n<div class=\"wp-block-group is-layout-constrained wp-block-group-is-layout-constrained\"><div class=\"wp-block-group__inner-container\">\n<p><strong>INBEGRIFFENE LEISTUNGEN:<\/strong><\/p>\n\n\n\n<ul class=\"wp-block-list\">\n<li>2 \u00dcbernachtungen in einem 4-Sterne-Hotel an der Costa del Sol mit Halbpension.<\/li>\n\n\n\n<li>1 \u00dcbernachtung in einem 4-Sterne-Hotel in Sevilla mit \u00dcbernachtung und Fr\u00fchst\u00fcck.<\/li>\n\n\n\n<li>Moderner, klimatisierter Bus w\u00e4hrend der gesamten Tour<\/li>\n\n\n\n<li>Deutschsprachiger Reiseleiter w\u00e4hrend der gesamten Reise<\/li>\n\n\n\n<li>\u00d6rtliche Deutschsprachige Stadtf\u00fchrer in Sevilla und Cordoba<\/li>\n\n\n\n<li>Eintrittsgelder zu den Monumenten:<\/li>\n\n\n\n<li>Sevilla: die Kathedrale<\/li>\n\n\n\n<li>C\u00f3rdoba: die Moschee-Kathedrale<\/li>\n\n\n\n<li>Audiosystem<\/li>\n\n\n\n<li>Reiseversicherung<\/li>\n<\/ul>\n\n\n\n<p class=\"has-text-align-left has-black-color has-text-color has-link-color wp-elements-b2e9c03597182b69ccbce2034a0ece57\"><strong>NICHT INBEGRIFFEN<\/strong><\/p>\n\n\n\n<ul class=\"wp-block-list\">\n<li>Internationale und nationale Fl\u00fcge<\/li>\n\n\n\n<li>Flughafengeb\u00fchren, Visa, falls erforderlich,<\/li>\n\n\n\n<li>Transfer vom\/zum Flughafen M\u00e1laga &#8211; Hotel an der Costa del Sol (bitte kontaktieren Sie uns f\u00fcr diesen Service).<\/li>\n\n\n\n<li>Trinkgelder<\/li>\n\n\n\n<li>Koffertr\u00e4ger &nbsp;&nbsp;<\/li>\n\n\n\n<li>Eintrittsgelder, die nicht ausdr\u00fccklich im Programm erw\u00e4hnt sind, sind nicht im Preis enthalten.<\/li>\n\n\n\n<li>Alle sonstigen Leistungen, die nicht ausdr\u00fccklich im Reiseprogramm aufgef\u00fchrt sind.<\/li>\n<\/ul>\n\n\n\n<div class=\"wp-block-group has-white-background-color has-background is-layout-constrained wp-block-group-is-layout-constrained\"><div class=\"wp-block-group__inner-container\"><\/div><\/div>\n<\/div><\/div>\n<\/div>\n<\/div>\n\n\n\n<figure class=\"wp-block-image alignfull size-full\"><img loading=\"lazy\" decoding=\"async\" width=\"900\" height=\"466\" src=\"https:\/\/viajescreativa.com\/wp-content\/uploads\/2024\/08\/sevilla-133-2.jpg\" alt=\"\" class=\"wp-image-2055\" srcset=\"https:\/\/viajescreativa.com\/wp-content\/uploads\/2024\/08\/sevilla-133-2.jpg 900w, https:\/\/viajescreativa.com\/wp-content\/uploads\/2024\/08\/sevilla-133-2-300x155.jpg 300w, https:\/\/viajescreativa.com\/wp-content\/uploads\/2024\/08\/sevilla-133-2-768x398.jpg 768w\" sizes=\"(max-width: 900px) 100vw, 900px\" \/><\/figure>\n\n\n\n<div class=\"wp-block-cover alignfull is-light\" style=\"min-height:548px;aspect-ratio:unset;\"><span aria-hidden=\"true\" class=\"wp-block-cover__background has-ast-global-color-5-background-color has-background-dim-20 has-background-dim\"><\/span><img loading=\"lazy\" decoding=\"async\" width=\"1920\" height=\"1920\" class=\"wp-block-cover__image-background wp-image-1729\" alt=\"\" src=\"https:\/\/viajescreativa.com\/wp-content\/uploads\/2024\/07\/collage-caratula-blanco-1.jpg\" data-object-fit=\"cover\" srcset=\"https:\/\/viajescreativa.com\/wp-content\/uploads\/2024\/07\/collage-caratula-blanco-1.jpg 1920w, https:\/\/viajescreativa.com\/wp-content\/uploads\/2024\/07\/collage-caratula-blanco-1-300x300.jpg 300w, https:\/\/viajescreativa.com\/wp-content\/uploads\/2024\/07\/collage-caratula-blanco-1-1024x1024.jpg 1024w, https:\/\/viajescreativa.com\/wp-content\/uploads\/2024\/07\/collage-caratula-blanco-1-150x150.jpg 150w, https:\/\/viajescreativa.com\/wp-content\/uploads\/2024\/07\/collage-caratula-blanco-1-768x768.jpg 768w, https:\/\/viajescreativa.com\/wp-content\/uploads\/2024\/07\/collage-caratula-blanco-1-1536x1536.jpg 1536w\" sizes=\"(max-width: 1920px) 100vw, 1920px\" \/><div class=\"wp-block-cover__inner-container is-layout-flow wp-block-cover-is-layout-flow\">\n<div class=\"wp-block-columns is-layout-flex wp-container-core-columns-is-layout-9d6595d7 wp-block-columns-is-layout-flex\">\n<div class=\"wp-block-column is-layout-flow wp-block-column-is-layout-flow\">\n<div class=\"wp-block-columns is-layout-flex wp-container-core-columns-is-layout-9d6595d7 wp-block-columns-is-layout-flex\">\n<div class=\"wp-block-column is-layout-flow wp-block-column-is-layout-flow\">\n<figure class=\"wp-block-image alignfull size-full\"><a href=\"https:\/\/viajescreativa.com\/?page_id=2210\" target=\"_blank\" rel=\"noreferrer noopener\"><img loading=\"lazy\" decoding=\"async\" width=\"262\" height=\"387\" src=\"https:\/\/viajescreativa.com\/wp-content\/uploads\/2024\/08\/5-GASTRONOMICO-ALEMAN.jpg\" alt=\"\" class=\"wp-image-2153\" style=\"box-shadow:var(--wp--preset--shadow--natural)\" srcset=\"https:\/\/viajescreativa.com\/wp-content\/uploads\/2024\/08\/5-GASTRONOMICO-ALEMAN.jpg 262w, https:\/\/viajescreativa.com\/wp-content\/uploads\/2024\/08\/5-GASTRONOMICO-ALEMAN-203x300.jpg 203w\" sizes=\"(max-width: 262px) 100vw, 262px\" \/><\/a><figcaption class=\"wp-element-caption\">GENUSSVOLLE              ROUTEN<\/figcaption><\/figure>\n<\/div>\n\n\n\n<div class=\"wp-block-column is-layout-flow wp-block-column-is-layout-flow\">\n<figure class=\"wp-block-image alignfull size-full\"><a href=\"https:\/\/viajescreativa.com\/?page_id=2439\" target=\"_blank\" rel=\"noreferrer noopener\"><img loading=\"lazy\" decoding=\"async\" width=\"244\" height=\"361\" src=\"https:\/\/viajescreativa.com\/wp-content\/uploads\/2024\/08\/THEMENREISEN.jpg\" alt=\"\" class=\"wp-image-2154\" style=\"box-shadow:var(--wp--preset--shadow--natural)\" srcset=\"https:\/\/viajescreativa.com\/wp-content\/uploads\/2024\/08\/THEMENREISEN.jpg 244w, https:\/\/viajescreativa.com\/wp-content\/uploads\/2024\/08\/THEMENREISEN-203x300.jpg 203w\" sizes=\"(max-width: 244px) 100vw, 244px\" \/><\/a><figcaption class=\"wp-element-caption\">THEMENREISEN<\/figcaption><\/figure>\n<\/div>\n<\/div>\n<\/div>\n\n\n\n<div class=\"wp-block-column is-layout-flow wp-block-column-is-layout-flow\">\n<div class=\"wp-block-columns is-layout-flex wp-container-core-columns-is-layout-9d6595d7 wp-block-columns-is-layout-flex\">\n<div class=\"wp-block-column is-layout-flow wp-block-column-is-layout-flow\">\n<figure class=\"wp-block-image alignfull size-full\"><a href=\"https:\/\/viajescreativa.com\/?page_id=2299\" target=\"_blank\" rel=\"noreferrer noopener\"><img loading=\"lazy\" decoding=\"async\" width=\"244\" height=\"360\" src=\"https:\/\/viajescreativa.com\/wp-content\/uploads\/2024\/08\/SLOWTRAVEL-1.jpg\" alt=\"\" class=\"wp-image-2165\" style=\"box-shadow:var(--wp--preset--shadow--natural)\" srcset=\"https:\/\/viajescreativa.com\/wp-content\/uploads\/2024\/08\/SLOWTRAVEL-1.jpg 244w, https:\/\/viajescreativa.com\/wp-content\/uploads\/2024\/08\/SLOWTRAVEL-1-203x300.jpg 203w\" sizes=\"(max-width: 244px) 100vw, 244px\" \/><\/a><figcaption class=\"wp-element-caption\">SLOW TRAVEL<\/figcaption><\/figure>\n<\/div>\n\n\n\n<div class=\"wp-block-column is-layout-flow wp-block-column-is-layout-flow\">\n<figure class=\"wp-block-image alignfull size-full\"><a href=\"https:\/\/viajescreativa.com\/?page_id=2477\" target=\"_blank\" rel=\"noreferrer noopener\"><img loading=\"lazy\" decoding=\"async\" width=\"244\" height=\"361\" src=\"https:\/\/viajescreativa.com\/wp-content\/uploads\/2024\/08\/11-BASICOS1-2.jpg\" alt=\"\" class=\"wp-image-2168\" style=\"box-shadow:var(--wp--preset--shadow--natural)\" srcset=\"https:\/\/viajescreativa.com\/wp-content\/uploads\/2024\/08\/11-BASICOS1-2.jpg 244w, https:\/\/viajescreativa.com\/wp-content\/uploads\/2024\/08\/11-BASICOS1-2-203x300.jpg 203w\" sizes=\"(max-width: 244px) 100vw, 244px\" \/><\/a><figcaption class=\"wp-element-caption\">DIE ESSENZ VON ANDALUSIEN<\/figcaption><\/figure>\n<\/div>\n<\/div>\n<\/div>\n\n\n\n<div class=\"wp-block-column is-layout-flow wp-block-column-is-layout-flow\">\n<div class=\"wp-block-columns is-layout-flex wp-container-core-columns-is-layout-9d6595d7 wp-block-columns-is-layout-flex\">\n<div class=\"wp-block-column is-layout-flow wp-block-column-is-layout-flow\">\n<figure class=\"wp-block-image alignfull size-full\"><a href=\"https:\/\/viajescreativa.com\/?page_id=2487\" target=\"_blank\" rel=\"noreferrer noopener\"><img loading=\"lazy\" decoding=\"async\" width=\"628\" height=\"928\" src=\"https:\/\/viajescreativa.com\/wp-content\/uploads\/2024\/08\/21collage2.jpg\" alt=\"\" class=\"wp-image-2170\" style=\"box-shadow:var(--wp--preset--shadow--natural)\" srcset=\"https:\/\/viajescreativa.com\/wp-content\/uploads\/2024\/08\/21collage2.jpg 628w, https:\/\/viajescreativa.com\/wp-content\/uploads\/2024\/08\/21collage2-203x300.jpg 203w\" sizes=\"(max-width: 628px) 100vw, 628px\" \/><\/a><figcaption class=\"wp-element-caption\">NATURREISEN<\/figcaption><\/figure>\n<\/div>\n\n\n\n<div class=\"wp-block-column is-layout-flow wp-block-column-is-layout-flow\">\n<figure class=\"wp-block-image alignfull size-full\"><a href=\"https:\/\/viajescreativa.com\/?page_id=2492\" target=\"_blank\" rel=\"noreferrer noopener\"><img loading=\"lazy\" decoding=\"async\" width=\"244\" height=\"361\" src=\"https:\/\/viajescreativa.com\/wp-content\/uploads\/2024\/08\/31collage3.jpg\" alt=\"\" class=\"wp-image-2171\" style=\"box-shadow:var(--wp--preset--shadow--natural)\" srcset=\"https:\/\/viajescreativa.com\/wp-content\/uploads\/2024\/08\/31collage3.jpg 244w, https:\/\/viajescreativa.com\/wp-content\/uploads\/2024\/08\/31collage3-203x300.jpg 203w\" sizes=\"(max-width: 244px) 100vw, 244px\" \/><\/a><figcaption class=\"wp-element-caption\">KLEINE FLUCHTEN<\/figcaption><\/figure>\n<\/div>\n<\/div>\n<\/div>\n<\/div>\n<\/div><\/div>\n\n\n\n<div class=\"wp-block-columns is-layout-flex wp-container-core-columns-is-layout-9d6595d7 wp-block-columns-is-layout-flex\">\n<div class=\"wp-block-column is-layout-flow wp-block-column-is-layout-flow\"><div class=\"wpforms-container wpforms-block wpforms-block-1c9e3381-be90-44ba-9792-bb009a08ef66\" id=\"wpforms-6\"><form id=\"wpforms-form-6\" class=\"wpforms-validate wpforms-form\" data-formid=\"6\" method=\"post\" enctype=\"multipart\/form-data\" action=\"\/index.php?rest_route=%2Fwp%2Fv2%2Fpages%2F608\" data-token=\"2afb85d4314ae1eac3630dc82d214311\" data-token-time=\"1777658014\"><noscript class=\"wpforms-error-noscript\">Por favor, activa JavaScript en tu navegador para completar este formulario.<\/noscript><div class=\"wpforms-field-container\"><div id=\"wpforms-6-field_1-container\" class=\"wpforms-field wpforms-field-name\" data-field-id=\"1\"><label class=\"wpforms-field-label\" for=\"wpforms-6-field_1\">Name <span class=\"wpforms-required-label\">*<\/span><\/label><input type=\"text\" id=\"wpforms-6-field_1\" class=\"wpforms-field-medium wpforms-field-required\" name=\"wpforms[fields][1]\" required><\/div><div id=\"wpforms-6-field_2-container\" class=\"wpforms-field wpforms-field-email\" data-field-id=\"2\"><label class=\"wpforms-field-label\" for=\"wpforms-6-field_2\">E-mail <span class=\"wpforms-required-label\">*<\/span><\/label><input type=\"email\" id=\"wpforms-6-field_2\" class=\"wpforms-field-medium wpforms-field-required\" name=\"wpforms[fields][2]\" spellcheck=\"false\" required><\/div><div id=\"wpforms-6-field_4-container\" class=\"wpforms-field wpforms-field-select wpforms-field-select-style-classic\" data-field-id=\"4\"><label class=\"wpforms-field-label\" for=\"wpforms-6-field_4\">Eine Option ausw\u00e4hlen <span class=\"wpforms-required-label\">*<\/span><\/label><select id=\"wpforms-6-field_4\" class=\"wpforms-field-medium wpforms-field-required\" name=\"wpforms[fields][4]\" required=\"required\"><option value=\"Reiseb\u00fcro\"  selected='selected' class=\"choice-1 depth-1\"  >Reiseb\u00fcro<\/option><option value=\"Reisender\"  class=\"choice-2 depth-1\"  >Reisender<\/option><\/select><\/div><div id=\"wpforms-6-field_3-container\" class=\"wpforms-field wpforms-field-textarea\" data-field-id=\"3\"><label class=\"wpforms-field-label\" for=\"wpforms-6-field_3\">Nachricht <span class=\"wpforms-required-label\">*<\/span><\/label><textarea id=\"wpforms-6-field_3\" class=\"wpforms-field-medium wpforms-field-required\" name=\"wpforms[fields][3]\" required><\/textarea><\/div><\/div><!-- .wpforms-field-container --><div class=\"wpforms-submit-container\" ><input type=\"hidden\" name=\"wpforms[id]\" value=\"6\"><input type=\"hidden\" name=\"page_title\" value=\"\"><input type=\"hidden\" name=\"page_url\" value=\"https:\/\/viajescreativa.com\/index.php?rest_route=\/wp\/v2\/pages\/608\"><input type=\"hidden\" name=\"url_referer\" value=\"\"><button type=\"submit\" name=\"wpforms[submit]\" id=\"wpforms-submit-6\" class=\"wpforms-submit\" data-alt-text=\"Sending...\" data-submit-text=\"Send Message\" aria-live=\"assertive\" value=\"wpforms-submit\">Send Message<\/button><\/div><\/form><\/div>  <!-- .wpforms-container --><\/div>\n\n\n\n<div class=\"wp-block-column is-layout-flow wp-block-column-is-layout-flow\">\n<p class=\"has-ast-global-color-5-color has-text-color has-background has-link-color wp-elements-aafbe019a0c69dc9e941247c6acbdfce\" style=\"background-color:#8383f8;font-size:26px\"><strong><em>Werfe einen Blick auf unseren Blog<\/em><\/strong><\/p>\n\n\n\n<figure class=\"wp-block-image aligncenter size-full\"><a href=\"https:\/\/www.viajescreativa.net\/blog.php\" target=\"_blank\" rel=\"noreferrer noopener\"><img loading=\"lazy\" decoding=\"async\" width=\"593\" height=\"313\" src=\"https:\/\/viajescreativa.com\/wp-content\/uploads\/2024\/08\/capture-20240812-184311.png\" alt=\"\" class=\"wp-image-1885\" srcset=\"https:\/\/viajescreativa.com\/wp-content\/uploads\/2024\/08\/capture-20240812-184311.png 593w, https:\/\/viajescreativa.com\/wp-content\/uploads\/2024\/08\/capture-20240812-184311-300x158.png 300w\" sizes=\"(max-width: 593px) 100vw, 593px\" \/><\/a><\/figure>\n<\/div>\n<\/div>\n","protected":false},"excerpt":{"rendered":"<p>HIGHLIGHTS: Erleben Sie eine faszinierende Reise durch drei der bedeutendsten St\u00e4dte Andalusiens: M\u00e1laga, Sevilla und C\u00f3rdoba. Auf dieser 4-t\u00e4gigen Reise mit 3 \u00dcbernachtungen entdecken Sie die reiche Geschichte, die lebendige Kultur und die bedeutenden Denkm\u00e4ler, die diese einzigartige Region Spaniens pr\u00e4gen. Die Reise beginnt in M\u00e1laga, einer mediterranen Stadt mit einem pulsierenden kulturellen Leben. Ihre &hellip;<\/p>\n<p class=\"read-more\"> <a class=\"\" href=\"https:\/\/viajescreativa.com\/?page_id=608\"> <span class=\"screen-reader-text\">FLUCHTREISE ANDALUSIEN<\/span> Leer m\u00e1s &raquo;<\/a><\/p>\n","protected":false},"author":1,"featured_media":0,"parent":0,"menu_order":0,"comment_status":"closed","ping_status":"closed","template":"elementor_header_footer","meta":{"om_disable_all_campaigns":false,"_monsterinsights_skip_tracking":false,"_monsterinsights_sitenote_active":false,"_monsterinsights_sitenote_note":"","_monsterinsights_sitenote_category":0,"site-sidebar-layout":"default","site-content-layout":"default","ast-main-header-display":"","ast-hfb-above-header-display":"","ast-hfb-below-header-display":"","ast-hfb-mobile-header-display":"","site-post-title":"","ast-breadcrumbs-content":"","ast-featured-img":"","footer-sml-layout":"","theme-transparent-header-meta":"","adv-header-id-meta":"","stick-header-meta":"","header-above-stick-meta":"","header-main-stick-meta":"","header-below-stick-meta":"","footnotes":""},"class_list":["post-608","page","type-page","status-publish","hentry"],"aioseo_notices":[],"_links":{"self":[{"href":"https:\/\/viajescreativa.com\/index.php?rest_route=\/wp\/v2\/pages\/608","targetHints":{"allow":["GET"]}}],"collection":[{"href":"https:\/\/viajescreativa.com\/index.php?rest_route=\/wp\/v2\/pages"}],"about":[{"href":"https:\/\/viajescreativa.com\/index.php?rest_route=\/wp\/v2\/types\/page"}],"author":[{"embeddable":true,"href":"https:\/\/viajescreativa.com\/index.php?rest_route=\/wp\/v2\/users\/1"}],"replies":[{"embeddable":true,"href":"https:\/\/viajescreativa.com\/index.php?rest_route=%2Fwp%2Fv2%2Fcomments&post=608"}],"version-history":[{"count":11,"href":"https:\/\/viajescreativa.com\/index.php?rest_route=\/wp\/v2\/pages\/608\/revisions"}],"predecessor-version":[{"id":2528,"href":"https:\/\/viajescreativa.com\/index.php?rest_route=\/wp\/v2\/pages\/608\/revisions\/2528"}],"wp:attachment":[{"href":"https:\/\/viajescreativa.com\/index.php?rest_route=%2Fwp%2Fv2%2Fmedia&parent=608"}],"curies":[{"name":"wp","href":"https:\/\/api.w.org\/{rel}","templated":true}]}}