{"id":656,"date":"2022-04-03T15:36:58","date_gmt":"2022-04-03T15:36:58","guid":{"rendered":"https:\/\/viajescreativa.com\/?page_id=656"},"modified":"2024-11-01T11:04:06","modified_gmt":"2024-11-01T11:04:06","slug":"ein-einblick-in-al-andalus","status":"publish","type":"page","link":"https:\/\/viajescreativa.com\/?page_id=656","title":{"rendered":"EIN EINBLICK IN AL ANDALUS"},"content":{"rendered":"\n<figure class=\"wp-block-image alignfull size-full\"><img fetchpriority=\"high\" decoding=\"async\" width=\"1920\" height=\"349\" src=\"https:\/\/viajescreativa.com\/wp-content\/uploads\/2024\/08\/ein-einblick-in-al-andalus.png\" alt=\"\" class=\"wp-image-2010\" srcset=\"https:\/\/viajescreativa.com\/wp-content\/uploads\/2024\/08\/ein-einblick-in-al-andalus.png 1920w, https:\/\/viajescreativa.com\/wp-content\/uploads\/2024\/08\/ein-einblick-in-al-andalus-300x55.png 300w, https:\/\/viajescreativa.com\/wp-content\/uploads\/2024\/08\/ein-einblick-in-al-andalus-1024x186.png 1024w, https:\/\/viajescreativa.com\/wp-content\/uploads\/2024\/08\/ein-einblick-in-al-andalus-768x140.png 768w, https:\/\/viajescreativa.com\/wp-content\/uploads\/2024\/08\/ein-einblick-in-al-andalus-1536x279.png 1536w\" sizes=\"(max-width: 1920px) 100vw, 1920px\" \/><\/figure>\n\n\n\n<div class=\"wp-block-columns is-layout-flex wp-container-core-columns-is-layout-9d6595d7 wp-block-columns-is-layout-flex\">\n<div class=\"wp-block-column is-layout-flow wp-block-column-is-layout-flow\">\n<p><\/p>\n\n\n\n<p class=\"has-vivid-red-color has-white-background-color has-text-color has-background has-link-color wp-elements-91332145f1d4e635123e506c9a81db15\" style=\"font-size:22px\"><strong><em>HIGHLIGHTS:<\/em><\/strong><\/p>\n\n\n\n<ul class=\"wp-block-list\">\n<li>Besuch von 3 St\u00e4dten, die zum Weltkulturerbe erkl\u00e4rt wurden.<\/li>\n\n\n\n<li>Besuch der arch\u00e4ologischen St\u00e4tte von Baelo Claudia<\/li>\n\n\n\n<li>Besuch von zwei der \u00e4ltesten Moscheen auf der Halbinsel.&nbsp;<\/li>\n<\/ul>\n<\/div>\n\n\n\n<div class=\"wp-block-column is-layout-flow wp-block-column-is-layout-flow\">\n<figure class=\"wp-block-image aligncenter size-full\"><img decoding=\"async\" width=\"704\" height=\"462\" src=\"https:\/\/viajescreativa.com\/wp-content\/uploads\/2024\/08\/AL-ANDALUS-COMPLETO.jpg\" alt=\"\" class=\"wp-image-2008\" srcset=\"https:\/\/viajescreativa.com\/wp-content\/uploads\/2024\/08\/AL-ANDALUS-COMPLETO.jpg 704w, https:\/\/viajescreativa.com\/wp-content\/uploads\/2024\/08\/AL-ANDALUS-COMPLETO-300x197.jpg 300w\" sizes=\"(max-width: 704px) 100vw, 704px\" \/><\/figure>\n<\/div>\n<\/div>\n\n\n\n<p class=\"has-white-background-color has-background\">Bei Viajes Creativa glauben wir, dass die Kenntnis von Kulturen und ihrer Kunst den Verstand \u00f6ffnet, wir glauben, dass das Erlebnis der Kunst der Kulturen das Herz \u00f6ffnet.&nbsp;<\/p>\n\n\n\n<figure class=\"wp-block-gallery aligncenter has-nested-images columns-default is-cropped wp-block-gallery-1 is-layout-flex wp-block-gallery-is-layout-flex\">\n<figure class=\"wp-block-image size-full\"><img decoding=\"async\" width=\"900\" height=\"400\" data-id=\"2012\" src=\"https:\/\/viajescreativa.com\/wp-content\/uploads\/2024\/08\/alcala-la-real-3040.jpg\" alt=\"\" class=\"wp-image-2012\" srcset=\"https:\/\/viajescreativa.com\/wp-content\/uploads\/2024\/08\/alcala-la-real-3040.jpg 900w, https:\/\/viajescreativa.com\/wp-content\/uploads\/2024\/08\/alcala-la-real-3040-300x133.jpg 300w, https:\/\/viajescreativa.com\/wp-content\/uploads\/2024\/08\/alcala-la-real-3040-768x341.jpg 768w\" sizes=\"(max-width: 900px) 100vw, 900px\" \/><\/figure>\n<\/figure>\n\n\n\n<div class=\"wp-block-group is-layout-constrained wp-block-group-is-layout-constrained\"><div class=\"wp-block-group__inner-container\">\n<p class=\"has-white-background-color has-background\">Was ist al-Andalus? Al-Andalus ist die Bezeichnung f\u00fcr die Iberische Halbinsel w\u00e4hrend der islamischen Herrschaft zwischen dem 8. und 15. Jahrhundert. Es ist zweifellos eine der bedeutendsten Epochen in der Geschichte Europas. Auf dieser Rundreise werden Sie einen Teil von al-Andalus kennenlernen, n\u00e4mlich die Region Andalusiens, im S\u00fcden Spaniens. Zu diesem Anlass arbeitet Viajes Creativa exklusiv mit der Fachpublikation<strong> <a href=\"http:\/\/andalfarad\" target=\"_blank\" rel=\"noopener\" title=\"\u00abDe Al-Andalus a Sefarad\u00bb\">\u00ab<em>De Al-Andalus a Sefarad<\/em>\u00bb<\/a><\/strong> zusammen. Sie werden eine einzigartige Reise erleben, die Ihnen, der Liebhaberinnen und Liebhabern von Geschichte und Kunst, gewidmet ist. Dieses Erlebnis ist f\u00fcr kleine Gruppen in famili\u00e4rer Atmosph\u00e4re vorgesehen. Gemeinsam werden wir die Orte besuchen, an denen die Geschichte von al-Andalus begann. Sie werden die Pracht dieser Kultur in den wichtigsten St\u00e4dten bestaunen. Sie werden die kulinarischen Geschm\u00e4cke genie\u00dfen, ihre Musik erleben, arabische W\u00f6rter lernen und die Koexistenz der drei Religionen verstehen. Diese Tour startet am selben Ort, an dem die Geschichte von al-Andalus begann, n\u00e4mlich in Algeciras und Tarifa. In den folgenden Tagen besichtigen wir Festungen, alte Moscheen, Arabische B\u00e4der und die von starken Mauern gesch\u00fctzte Ortschaften. Tag f\u00fcr Tag werden wir nicht nur die Geschichte, sondern auch die Br\u00e4uche und die Kunst aus diesen Jahrhunderten entdecken und vertiefen.St\u00e4dte wie Sevilla, C\u00f3rdoba, Granada oder M\u00e1laga sind die bedeutendsten, die den Glanz der jeweiligen Epochen von al-Andalus am besten wiederspiegeln. Kleinere Ortschaften, die in einer einzigartigen nat\u00fcrlichen Umgebung liegen, sind echte Prachtst\u00fccke. Wir werden, u.a., herausragenden Pers\u00f6nlichkeiten aus der Wissenschaft, Kunst, Literatur, Philosophie, Politik begegnen. Diese Rundreise endet im ehemaligen Nasriden-K\u00f6nigreich: Granada, wo die letzten Festungen von al-Andalus standen. Granada k\u00f6nnte der Beginn einer weiteren Reise voller \u00dcberraschungen und spannender Geschichten sein.<\/p>\n<\/div><\/div>\n\n\n\n<div class=\"wp-block-columns is-layout-flex wp-container-core-columns-is-layout-9d6595d7 wp-block-columns-is-layout-flex\">\n<div class=\"wp-block-column is-layout-flow wp-block-column-is-layout-flow\">\n<div class=\"wp-block-group has-white-background-color has-background is-layout-constrained wp-block-group-is-layout-constrained\"><div class=\"wp-block-group__inner-container\">\n<p><strong>REISEVERLAUF:<\/strong><\/p>\n\n\n\n<p><strong>TAG 1: Willkommen in Andalusien!<\/strong><\/p>\n\n\n\n<p>Ankunft am Internationalen Flughafen von M\u00e1laga. Transfer nach Algeciras, Einchecken im Hotel. Willkommensempfang. Abendessen und Unterkunft im Hotel von Algeciras.<\/p>\n\n\n\n<p><strong>TAG 2: Tagesausflug nach Tarifa<\/strong><\/p>\n\n\n\n<p>Nach dem Fr\u00fchst\u00fcck, Abfahrt nach Tarifa. Besichtigung der Festung und Spaziergang durch die Stadt bis zur Insel Tarifa, wo sich das Mittelmeer und der Atlantische Ozean treffen. Gemeinsames Mittagessen. Am Nachmittag Besichtigung der r\u00f6mischen arch\u00e4ologischen St\u00e4tte von Baelo Claudia. R\u00fcckkehr zum Hotel in Algeciras. Abendessen im Hotel von Algeciras.<\/p>\n\n\n\n<p><strong>TAG 3: Von Algeciras nach Vejer, Jerez und Sevilla.<\/strong><\/p>\n\n\n\n<p>Nach dem Fr\u00fchst\u00fcck, Abfahrt nach Vejer de la Frontera. Zauberhaftes Wei\u00dfes Dorf im Gebirge der K\u00fcste von C\u00e1diz. Spaziergang durch Vejer. Danach Weiterfahrt nach Jerez, Besichtigung vom Alc\u00e1zar in Jerez. Gemeinsames Mittagessen. Weiterfahrt nach Sevilla. Abendessen frei und Unterkunft im Hotel von Sevilla.<\/p>\n\n\n\n<p><strong>TAG 4: Sevilla<\/strong><\/p>\n\n\n\n<p>Nach dem Fr\u00fchst\u00fcck, Besichtigung der Kathedrale und Alc\u00e1zar durch einen \u00f6rtlichen Stadtf\u00fchrer, danach Spaziergang durch das Viertel Santa Cruz. Nachmittag zur freien Verf\u00fcgung. Abendessen frei und Unterkunft in Sevilla<\/p>\n\n\n\n<p><strong>TAG 5: Tagesausflug nach Almonaster la Real und Niebla.<\/strong><\/p>\n\n\n\n<p>Fr\u00fchst\u00fcck im Hotel. Abfahrt nach Almonaster la Real, Besichtigung der alten Moschee. Gemeinsames Mittagessen in Almonaster. Weiterfahrt in die Stadt Niebla. Besichtigung der Stadt Niebla, mit Stadtmauer, Festung und Kirche. R\u00fcckkehr nach Sevilla, Abendessen frei und Unterkunft in Sevilla.<\/p>\n\n\n\n<p><strong>TAG 6: von Sevilla nach C\u00f3rdoba<\/strong><\/p>\n\n\n\n<p>Nach dem Fr\u00fchst\u00fcck Abfahrt nach C\u00f3rdoba. Besichtigung der arch\u00e4ologischen St\u00e4tte Medinat Az-Zahra und Weiterfahrt nach C\u00f3rdoba. Am Nachmittag Stadtbesichtigung mit \u00f6rtlichem Stadtf\u00fchrer. Die Moschee-Kathedrale, Synagoge und Judenviertel. Abendessen und Unterkunft im Hotel von C\u00f3rdoba.<\/p>\n\n\n\n<p><strong>TAG 7: C\u00f3rdoba \u2013 Alcal\u00e1 la Real \u2013 Granada<\/strong><\/p>\n\n\n\n<p>Nach dem Fr\u00fchst\u00fcck Abfahrt Richtung Granada. Auf dem Weg, Besichtigung der Festung \u00abLa Mota\u00bb in Alcal\u00e1 la Real. Gemeinsames Mittagessen, danach Weiterfahrt nach Granada. Ankunft im Hotel von Granada. Spaziergang durch das Albaic\u00edn Viertel. Abendessen frei und Unterkunft in Granada.<\/p>\n\n\n\n<p><strong>TAG 8: Granada<\/strong><\/p>\n\n\n\n<p>Nach dem Fr\u00fchst\u00fcck Besichtigung der Alhambra* mit \u00f6rtlichem Stadtf\u00fchrer. Am Nachmittag Spaziergang in der Umgebung der Kathedrale. Abendessen frei und \u00dcbernachtung in Granada.<\/p>\n\n\n\n<p class=\"has-vivid-red-color has-text-color has-link-color wp-elements-84a327561d3b851429c8d80a09f731c7\"><em>*<strong>WICHTIGER HINWEIS zur Besichtigung der Alhambra<\/strong>: Aufgrund des gro\u00dfen Besucheraufkommens k\u00f6nnen Besucher stets nur vorgegebene Teile der Alhambra besichtigen. Eintrittskarten und Besichtigungsmodalit\u00e4ten werden ausnahmslos zentral vom Patronato de la Alhambra y Generalife (Verwaltung der Alhambra) zugeteilt. Darauf hat der Reiseveranstalter keinen Einfluss. Kann ein bestimmter Teil der Alhambra aufgrund der zentralen Zuteilung nicht besichtigt werden, ergibt sich daraus kein Anspruch auf R\u00fcckerstattung. Wir danken f\u00fcr Ihr Verst\u00e4ndnis.<\/em><\/p>\n\n\n\n<p><strong>TAG 9: Granada \u2013 Frigiliana \u2013 M\u00e1laga<\/strong><\/p>\n\n\n\n<p>Nach dem Fr\u00fchst\u00fcck Abfahrt Richtung M\u00e1laga, mit einen Halt in Frigiliana, ein wundersch\u00f6nes wei\u00dfes Dorf an der westlichen K\u00fcste von M\u00e1laga. Nach einen Spaziergang, fahren Sie weiter bis zum Hotel an der Costa del Sol. Unterkunft und Abendessen im Hotel an der costa del Sol<\/p>\n\n\n\n<p><strong>TAG 10: M\u00e1laga<\/strong><\/p>\n\n\n\n<p>Nach dem Fr\u00fchst\u00fcck, gef\u00fchrte Besichtigung von M\u00e1laga mit der Alcazaba. Am Nachmittag Zeit zur freien Verf\u00fcgung. Abendessen im Hotel an der Costa del Sol<\/p>\n\n\n\n<p><strong>TAG 11: Tagesausflug nach Ronda und Setenil de las Bodegas.<\/strong><\/p>\n\n\n\n<p>Fr\u00fchst\u00fcck, Abfahrt in die Stadt Ronda. Besichtigung der arabischen B\u00e4der, der Kirche Santa Mar\u00eda. Freizeit zum Mittagessen in Ronda. Weiterfahrt nach Setenil de las Bodegas, Spaziergang durch die Ortschaft und R\u00fcckkehr nach M\u00e1laga. Abendessen und Unterkunft an der Costa del Sol.<\/p>\n\n\n\n<p><strong>TAG 12: Hasta Pronto!<\/strong><\/p>\n<\/div><\/div>\n<\/div>\n\n\n\n<div class=\"wp-block-column is-layout-flow wp-block-column-is-layout-flow\">\n<div class=\"wp-block-group is-layout-constrained wp-block-group-is-layout-constrained\"><div class=\"wp-block-group__inner-container\">\n<p><strong>INBEGRIFFENE LEISTUNGEN:<\/strong><\/p>\n\n\n\n<ul class=\"wp-block-list\">\n<li>4-Sterne-Hotel mit Halbpension in Algeciras, Cordoba und M\u00e1laga.<\/li>\n\n\n\n<li>4-Sterne-Hotel mit \u00dcbernachtung und Fr\u00fchst\u00fcck in Sevilla und Granada<\/li>\n\n\n\n<li>Moderner, klimatisierter Reisebus w\u00e4hrend der gesamten Reise<\/li>\n\n\n\n<li>Transferservice vom\/zum Flughafen M\u00e1laga<\/li>\n\n\n\n<li>Auf Al-Andalus spezialisierter Reiseleiter w\u00e4hrend der gesamten Reise<\/li>\n\n\n\n<li>\u00d6rtliche Deutschsprachige Stadtf\u00fchrer in: Sevilla, Cordoba, Granada, M\u00e1laga, Ronda.<\/li>\n\n\n\n<li>Der Reiseleiter F\u00fchrt in: Niebla, La Mota Festung und Setenil<\/li>\n\n\n\n<li>Eintrittsgelder f\u00fcr die Denkm\u00e4ler:<\/li>\n\n\n\n<li>Tarifa: Burg von Tarifa und arch\u00e4ologische St\u00e4tte von Baelo Claudia<\/li>\n\n\n\n<li>Jerez de la Frontera: Alcazar de Jerez<\/li>\n\n\n\n<li>Sevilla: Kathedrale und Alc\u00e1zar von Sevilla<\/li>\n\n\n\n<li>Niebla: Burg, Kirche Santa Mar\u00eda de la Granada<\/li>\n\n\n\n<li>Almonaster la Real: Moschee<\/li>\n\n\n\n<li>C\u00f3rdoba: Arch\u00e4ologische St\u00e4tte von Madinat az-Zahra, Moschee-Kathedrale und Alc\u00e1zar der christlichen K\u00f6nige<\/li>\n\n\n\n<li>Alcal\u00e1 la Real: Festung von La Mota<\/li>\n\n\n\n<li>Granada: Die Alhambra*.<\/li>\n<\/ul>\n\n\n\n<p class=\"has-vivid-red-color has-text-color has-link-color wp-elements-293bff7523a9ba9925526bc06f1b7a30\"><em><strong>*WICHTIGER HINWEIS:<\/strong> Aufgrund des hohen Besucheraufkommens k\u00f6nnen nur bestimmte Bereiche der Alhambra besichtigt werden. F\u00fcr den Verkauf und die Verwaltung der Eintrittskarten ist das Patronato de la Alhambra y Generalife zust\u00e4ndig. Der Reiseveranstalter\/das Reiseb\u00fcro hat keinen Einfluss auf diesen Prozess. Die Unm\u00f6glichkeit, einen bestimmten Bereich der Alhambra aufgrund der Verwaltung des Kartenverkaufs durch das Patronato zu besuchen, berechtigt Sie nicht zu einer R\u00fcckerstattung. Wir danken Ihnen f\u00fcr Ihr Verst\u00e4ndnis.<\/em><\/p>\n\n\n\n<ul class=\"wp-block-list\">\n<li>Ronda: Arabische B\u00e4der, Kirche von Santa Mar\u00eda<\/li>\n\n\n\n<li>2 Mittagessen: Almonaster, Alcal\u00e1 la Real<\/li>\n\n\n\n<li>Willkommensgetr\u00e4nk <\/li>\n\n\n\n<li>Audiosystem w\u00e4hrend der gesamten Reise<\/li>\n\n\n\n<li>Reiseversicherung.<\/li>\n<\/ul>\n\n\n\n<p><strong>NICHT INBEGRIFFEN<\/strong><\/p>\n\n\n\n<ul class=\"wp-block-list\">\n<li>Internationale und nationale Fl\u00fcge<\/li>\n\n\n\n<li>Flughafengeb\u00fchren<\/li>\n\n\n\n<li>Visa, falls erforderlich<\/li>\n\n\n\n<li>Trinkgelder<\/li>\n\n\n\n<li>Eintrittsgelder f\u00fcr Sehensw\u00fcrdigkeiten, die nicht ausdr\u00fccklich im Programm aufgef\u00fchrt sind.<\/li>\n\n\n\n<li>Sonstige Dienstleistungen, die nicht ausdr\u00fccklich im Programm aufgef\u00fchrt sind<\/li>\n<\/ul>\n\n\n\n<p><\/p>\n\n\n\n<div class=\"wp-block-group has-white-background-color has-background is-layout-constrained wp-block-group-is-layout-constrained\"><div class=\"wp-block-group__inner-container\">\n<figure class=\"wp-block-image aligncenter size-large is-resized\"><img loading=\"lazy\" decoding=\"async\" width=\"683\" height=\"1024\" src=\"https:\/\/viajescreativa.com\/wp-content\/uploads\/2024\/08\/cordoba-2587-683x1024.jpg\" alt=\"\" class=\"wp-image-2014\" style=\"width:420px\" srcset=\"https:\/\/viajescreativa.com\/wp-content\/uploads\/2024\/08\/cordoba-2587-683x1024.jpg 683w, https:\/\/viajescreativa.com\/wp-content\/uploads\/2024\/08\/cordoba-2587-200x300.jpg 200w, https:\/\/viajescreativa.com\/wp-content\/uploads\/2024\/08\/cordoba-2587-768x1152.jpg 768w, https:\/\/viajescreativa.com\/wp-content\/uploads\/2024\/08\/cordoba-2587-1024x1536.jpg 1024w, https:\/\/viajescreativa.com\/wp-content\/uploads\/2024\/08\/cordoba-2587-1366x2048.jpg 1366w, https:\/\/viajescreativa.com\/wp-content\/uploads\/2024\/08\/cordoba-2587.jpg 1467w\" sizes=\"(max-width: 683px) 100vw, 683px\" \/><\/figure>\n<\/div><\/div>\n<\/div><\/div>\n\n\n\n<figure class=\"wp-block-image aligncenter size-large is-resized\"><img loading=\"lazy\" decoding=\"async\" width=\"683\" height=\"1024\" src=\"https:\/\/viajescreativa.com\/wp-content\/uploads\/2024\/08\/granada-0175-683x1024.jpg\" alt=\"\" class=\"wp-image-2017\" style=\"width:420px;height:auto\" srcset=\"https:\/\/viajescreativa.com\/wp-content\/uploads\/2024\/08\/granada-0175-683x1024.jpg 683w, https:\/\/viajescreativa.com\/wp-content\/uploads\/2024\/08\/granada-0175-200x300.jpg 200w, https:\/\/viajescreativa.com\/wp-content\/uploads\/2024\/08\/granada-0175-768x1152.jpg 768w, https:\/\/viajescreativa.com\/wp-content\/uploads\/2024\/08\/granada-0175-1024x1536.jpg 1024w, https:\/\/viajescreativa.com\/wp-content\/uploads\/2024\/08\/granada-0175-1366x2048.jpg 1366w, https:\/\/viajescreativa.com\/wp-content\/uploads\/2024\/08\/granada-0175.jpg 1467w\" sizes=\"(max-width: 683px) 100vw, 683px\" \/><\/figure>\n<\/div>\n<\/div>\n\n\n\n<figure class=\"wp-block-image alignfull size-full\"><img loading=\"lazy\" decoding=\"async\" width=\"2200\" height=\"1247\" src=\"https:\/\/viajescreativa.com\/wp-content\/uploads\/2024\/08\/sevilla-9460.jpg\" alt=\"\" class=\"wp-image-2023\" srcset=\"https:\/\/viajescreativa.com\/wp-content\/uploads\/2024\/08\/sevilla-9460.jpg 2200w, https:\/\/viajescreativa.com\/wp-content\/uploads\/2024\/08\/sevilla-9460-300x170.jpg 300w, https:\/\/viajescreativa.com\/wp-content\/uploads\/2024\/08\/sevilla-9460-1024x580.jpg 1024w, https:\/\/viajescreativa.com\/wp-content\/uploads\/2024\/08\/sevilla-9460-768x435.jpg 768w, https:\/\/viajescreativa.com\/wp-content\/uploads\/2024\/08\/sevilla-9460-1536x871.jpg 1536w, https:\/\/viajescreativa.com\/wp-content\/uploads\/2024\/08\/sevilla-9460-2048x1161.jpg 2048w\" sizes=\"(max-width: 2200px) 100vw, 2200px\" \/><\/figure>\n\n\n\n<div class=\"wp-block-cover alignfull is-light\" style=\"min-height:548px;aspect-ratio:unset;\"><span aria-hidden=\"true\" class=\"wp-block-cover__background has-ast-global-color-5-background-color has-background-dim-20 has-background-dim\"><\/span><img loading=\"lazy\" decoding=\"async\" width=\"1920\" height=\"1920\" class=\"wp-block-cover__image-background wp-image-1729\" alt=\"\" src=\"https:\/\/viajescreativa.com\/wp-content\/uploads\/2024\/07\/collage-caratula-blanco-1.jpg\" data-object-fit=\"cover\" srcset=\"https:\/\/viajescreativa.com\/wp-content\/uploads\/2024\/07\/collage-caratula-blanco-1.jpg 1920w, https:\/\/viajescreativa.com\/wp-content\/uploads\/2024\/07\/collage-caratula-blanco-1-300x300.jpg 300w, https:\/\/viajescreativa.com\/wp-content\/uploads\/2024\/07\/collage-caratula-blanco-1-1024x1024.jpg 1024w, https:\/\/viajescreativa.com\/wp-content\/uploads\/2024\/07\/collage-caratula-blanco-1-150x150.jpg 150w, https:\/\/viajescreativa.com\/wp-content\/uploads\/2024\/07\/collage-caratula-blanco-1-768x768.jpg 768w, https:\/\/viajescreativa.com\/wp-content\/uploads\/2024\/07\/collage-caratula-blanco-1-1536x1536.jpg 1536w\" sizes=\"(max-width: 1920px) 100vw, 1920px\" \/><div class=\"wp-block-cover__inner-container is-layout-flow wp-block-cover-is-layout-flow\">\n<div class=\"wp-block-columns is-layout-flex wp-container-core-columns-is-layout-9d6595d7 wp-block-columns-is-layout-flex\">\n<div class=\"wp-block-column is-layout-flow wp-block-column-is-layout-flow\">\n<div class=\"wp-block-columns is-layout-flex wp-container-core-columns-is-layout-9d6595d7 wp-block-columns-is-layout-flex\">\n<div class=\"wp-block-column is-layout-flow wp-block-column-is-layout-flow\">\n<figure class=\"wp-block-image alignfull size-full\"><a href=\"https:\/\/viajescreativa.com\/?page_id=2210\" target=\"_blank\" rel=\"noreferrer noopener\"><img loading=\"lazy\" decoding=\"async\" width=\"262\" height=\"387\" src=\"https:\/\/viajescreativa.com\/wp-content\/uploads\/2024\/08\/5-GASTRONOMICO-ALEMAN.jpg\" alt=\"\" class=\"wp-image-2153\" style=\"box-shadow:var(--wp--preset--shadow--natural)\" srcset=\"https:\/\/viajescreativa.com\/wp-content\/uploads\/2024\/08\/5-GASTRONOMICO-ALEMAN.jpg 262w, https:\/\/viajescreativa.com\/wp-content\/uploads\/2024\/08\/5-GASTRONOMICO-ALEMAN-203x300.jpg 203w\" sizes=\"(max-width: 262px) 100vw, 262px\" \/><\/a><figcaption class=\"wp-element-caption\">GENUSSVOLLE              ROUTEN<\/figcaption><\/figure>\n<\/div>\n\n\n\n<div class=\"wp-block-column is-layout-flow wp-block-column-is-layout-flow\">\n<figure class=\"wp-block-image alignfull size-full\"><a href=\"https:\/\/viajescreativa.com\/?page_id=2439\" target=\"_blank\" rel=\"noreferrer noopener\"><img loading=\"lazy\" decoding=\"async\" width=\"244\" height=\"361\" src=\"https:\/\/viajescreativa.com\/wp-content\/uploads\/2024\/08\/THEMENREISEN.jpg\" alt=\"\" class=\"wp-image-2154\" style=\"box-shadow:var(--wp--preset--shadow--natural)\" srcset=\"https:\/\/viajescreativa.com\/wp-content\/uploads\/2024\/08\/THEMENREISEN.jpg 244w, https:\/\/viajescreativa.com\/wp-content\/uploads\/2024\/08\/THEMENREISEN-203x300.jpg 203w\" sizes=\"(max-width: 244px) 100vw, 244px\" \/><\/a><figcaption class=\"wp-element-caption\">THEMENREISEN<\/figcaption><\/figure>\n<\/div>\n<\/div>\n<\/div>\n\n\n\n<div class=\"wp-block-column is-layout-flow wp-block-column-is-layout-flow\">\n<div class=\"wp-block-columns is-layout-flex wp-container-core-columns-is-layout-9d6595d7 wp-block-columns-is-layout-flex\">\n<div class=\"wp-block-column is-layout-flow wp-block-column-is-layout-flow\">\n<figure class=\"wp-block-image alignfull size-full\"><a href=\"https:\/\/viajescreativa.com\/?page_id=2299\" target=\"_blank\" rel=\"noreferrer noopener\"><img loading=\"lazy\" decoding=\"async\" width=\"244\" height=\"360\" src=\"https:\/\/viajescreativa.com\/wp-content\/uploads\/2024\/08\/SLOWTRAVEL-1.jpg\" alt=\"\" class=\"wp-image-2165\" style=\"box-shadow:var(--wp--preset--shadow--natural)\" srcset=\"https:\/\/viajescreativa.com\/wp-content\/uploads\/2024\/08\/SLOWTRAVEL-1.jpg 244w, https:\/\/viajescreativa.com\/wp-content\/uploads\/2024\/08\/SLOWTRAVEL-1-203x300.jpg 203w\" sizes=\"(max-width: 244px) 100vw, 244px\" \/><\/a><figcaption class=\"wp-element-caption\">SLOW TRAVEL<\/figcaption><\/figure>\n<\/div>\n\n\n\n<div class=\"wp-block-column is-layout-flow wp-block-column-is-layout-flow\">\n<figure class=\"wp-block-image alignfull size-full\"><a href=\"https:\/\/viajescreativa.com\/?page_id=2477\" target=\"_blank\" rel=\"noreferrer noopener\"><img loading=\"lazy\" decoding=\"async\" width=\"244\" height=\"361\" src=\"https:\/\/viajescreativa.com\/wp-content\/uploads\/2024\/08\/11-BASICOS1-2.jpg\" alt=\"\" class=\"wp-image-2168\" style=\"box-shadow:var(--wp--preset--shadow--natural)\" srcset=\"https:\/\/viajescreativa.com\/wp-content\/uploads\/2024\/08\/11-BASICOS1-2.jpg 244w, https:\/\/viajescreativa.com\/wp-content\/uploads\/2024\/08\/11-BASICOS1-2-203x300.jpg 203w\" sizes=\"(max-width: 244px) 100vw, 244px\" \/><\/a><figcaption class=\"wp-element-caption\">DIE ESSENZ VON ANDALUSIEN<\/figcaption><\/figure>\n<\/div>\n<\/div>\n<\/div>\n\n\n\n<div class=\"wp-block-column is-layout-flow wp-block-column-is-layout-flow\">\n<div class=\"wp-block-columns is-layout-flex wp-container-core-columns-is-layout-9d6595d7 wp-block-columns-is-layout-flex\">\n<div class=\"wp-block-column is-layout-flow wp-block-column-is-layout-flow\">\n<figure class=\"wp-block-image alignfull size-full\"><a href=\"https:\/\/viajescreativa.com\/?page_id=2487\" target=\"_blank\" rel=\"noreferrer noopener\"><img loading=\"lazy\" decoding=\"async\" width=\"628\" height=\"928\" src=\"https:\/\/viajescreativa.com\/wp-content\/uploads\/2024\/08\/21collage2.jpg\" alt=\"\" class=\"wp-image-2170\" style=\"box-shadow:var(--wp--preset--shadow--natural)\" srcset=\"https:\/\/viajescreativa.com\/wp-content\/uploads\/2024\/08\/21collage2.jpg 628w, https:\/\/viajescreativa.com\/wp-content\/uploads\/2024\/08\/21collage2-203x300.jpg 203w\" sizes=\"(max-width: 628px) 100vw, 628px\" \/><\/a><figcaption class=\"wp-element-caption\">NATURREISEN<\/figcaption><\/figure>\n<\/div>\n\n\n\n<div class=\"wp-block-column is-layout-flow wp-block-column-is-layout-flow\">\n<figure class=\"wp-block-image alignfull size-full\"><a href=\"https:\/\/viajescreativa.com\/?page_id=2492\" target=\"_blank\" rel=\"noreferrer noopener\"><img loading=\"lazy\" decoding=\"async\" width=\"244\" height=\"361\" src=\"https:\/\/viajescreativa.com\/wp-content\/uploads\/2024\/08\/31collage3.jpg\" alt=\"\" class=\"wp-image-2171\" style=\"box-shadow:var(--wp--preset--shadow--natural)\" srcset=\"https:\/\/viajescreativa.com\/wp-content\/uploads\/2024\/08\/31collage3.jpg 244w, https:\/\/viajescreativa.com\/wp-content\/uploads\/2024\/08\/31collage3-203x300.jpg 203w\" sizes=\"(max-width: 244px) 100vw, 244px\" \/><\/a><figcaption class=\"wp-element-caption\">KLEINE FLUCHTEN<\/figcaption><\/figure>\n<\/div>\n<\/div>\n<\/div>\n<\/div>\n<\/div><\/div>\n\n\n\n<div class=\"wp-block-columns is-layout-flex wp-container-core-columns-is-layout-9d6595d7 wp-block-columns-is-layout-flex\">\n<div class=\"wp-block-column is-layout-flow wp-block-column-is-layout-flow\"><div class=\"wpforms-container wpforms-block wpforms-block-1c9e3381-be90-44ba-9792-bb009a08ef66\" id=\"wpforms-6\"><form id=\"wpforms-form-6\" class=\"wpforms-validate wpforms-form\" data-formid=\"6\" method=\"post\" enctype=\"multipart\/form-data\" action=\"\/index.php?rest_route=%2Fwp%2Fv2%2Fpages%2F656\" data-token=\"2afb85d4314ae1eac3630dc82d214311\" data-token-time=\"1777657619\"><noscript class=\"wpforms-error-noscript\">Por favor, activa JavaScript en tu navegador para completar este formulario.<\/noscript><div class=\"wpforms-field-container\"><div id=\"wpforms-6-field_1-container\" class=\"wpforms-field wpforms-field-name\" data-field-id=\"1\"><label class=\"wpforms-field-label\" for=\"wpforms-6-field_1\">Name <span class=\"wpforms-required-label\">*<\/span><\/label><input type=\"text\" id=\"wpforms-6-field_1\" class=\"wpforms-field-medium wpforms-field-required\" name=\"wpforms[fields][1]\" required><\/div><div id=\"wpforms-6-field_2-container\" class=\"wpforms-field wpforms-field-email\" data-field-id=\"2\"><label class=\"wpforms-field-label\" for=\"wpforms-6-field_2\">E-mail <span class=\"wpforms-required-label\">*<\/span><\/label><input type=\"email\" id=\"wpforms-6-field_2\" class=\"wpforms-field-medium wpforms-field-required\" name=\"wpforms[fields][2]\" spellcheck=\"false\" required><\/div><div id=\"wpforms-6-field_4-container\" class=\"wpforms-field wpforms-field-select wpforms-field-select-style-classic\" data-field-id=\"4\"><label class=\"wpforms-field-label\" for=\"wpforms-6-field_4\">Eine Option ausw\u00e4hlen <span class=\"wpforms-required-label\">*<\/span><\/label><select id=\"wpforms-6-field_4\" class=\"wpforms-field-medium wpforms-field-required\" name=\"wpforms[fields][4]\" required=\"required\"><option value=\"Reiseb\u00fcro\"  selected='selected' class=\"choice-1 depth-1\"  >Reiseb\u00fcro<\/option><option value=\"Reisender\"  class=\"choice-2 depth-1\"  >Reisender<\/option><\/select><\/div><div id=\"wpforms-6-field_3-container\" class=\"wpforms-field wpforms-field-textarea\" data-field-id=\"3\"><label class=\"wpforms-field-label\" for=\"wpforms-6-field_3\">Nachricht <span class=\"wpforms-required-label\">*<\/span><\/label><textarea id=\"wpforms-6-field_3\" class=\"wpforms-field-medium wpforms-field-required\" name=\"wpforms[fields][3]\" required><\/textarea><\/div><\/div><!-- .wpforms-field-container --><div class=\"wpforms-submit-container\" ><input type=\"hidden\" name=\"wpforms[id]\" value=\"6\"><input type=\"hidden\" name=\"page_title\" value=\"\"><input type=\"hidden\" name=\"page_url\" value=\"https:\/\/viajescreativa.com\/index.php?rest_route=\/wp\/v2\/pages\/656\"><input type=\"hidden\" name=\"url_referer\" value=\"\"><button type=\"submit\" name=\"wpforms[submit]\" id=\"wpforms-submit-6\" class=\"wpforms-submit\" data-alt-text=\"Sending...\" data-submit-text=\"Send Message\" aria-live=\"assertive\" value=\"wpforms-submit\">Send Message<\/button><\/div><\/form><\/div>  <!-- .wpforms-container --><\/div>\n\n\n\n<div class=\"wp-block-column is-layout-flow wp-block-column-is-layout-flow\">\n<p class=\"has-ast-global-color-5-color has-text-color has-background has-link-color wp-elements-aafbe019a0c69dc9e941247c6acbdfce\" style=\"background-color:#8383f8;font-size:26px\"><strong><em>Werfe einen Blick auf unseren Blog<\/em><\/strong><\/p>\n\n\n\n<figure class=\"wp-block-image aligncenter size-full\"><a href=\"https:\/\/www.viajescreativa.net\/blog.php\" target=\"_blank\" rel=\"noreferrer noopener\"><img loading=\"lazy\" decoding=\"async\" width=\"593\" height=\"313\" src=\"https:\/\/viajescreativa.com\/wp-content\/uploads\/2024\/08\/capture-20240812-184311.png\" alt=\"\" class=\"wp-image-1885\" srcset=\"https:\/\/viajescreativa.com\/wp-content\/uploads\/2024\/08\/capture-20240812-184311.png 593w, https:\/\/viajescreativa.com\/wp-content\/uploads\/2024\/08\/capture-20240812-184311-300x158.png 300w\" sizes=\"(max-width: 593px) 100vw, 593px\" \/><\/a><\/figure>\n<\/div>\n<\/div>\n","protected":false},"excerpt":{"rendered":"<p>HIGHLIGHTS: Bei Viajes Creativa glauben wir, dass die Kenntnis von Kulturen und ihrer Kunst den Verstand \u00f6ffnet, wir glauben, dass das Erlebnis der Kunst der Kulturen das Herz \u00f6ffnet.&nbsp; Was ist al-Andalus? Al-Andalus ist die Bezeichnung f\u00fcr die Iberische Halbinsel w\u00e4hrend der islamischen Herrschaft zwischen dem 8. und 15. Jahrhundert. Es ist zweifellos eine der &hellip;<\/p>\n<p class=\"read-more\"> <a class=\"\" href=\"https:\/\/viajescreativa.com\/?page_id=656\"> <span class=\"screen-reader-text\">EIN EINBLICK IN AL ANDALUS<\/span> Leer m\u00e1s &raquo;<\/a><\/p>\n","protected":false},"author":1,"featured_media":0,"parent":0,"menu_order":0,"comment_status":"closed","ping_status":"closed","template":"elementor_header_footer","meta":{"om_disable_all_campaigns":false,"_monsterinsights_skip_tracking":false,"_monsterinsights_sitenote_active":false,"_monsterinsights_sitenote_note":"","_monsterinsights_sitenote_category":0,"site-sidebar-layout":"default","site-content-layout":"default","ast-main-header-display":"","ast-hfb-above-header-display":"","ast-hfb-below-header-display":"","ast-hfb-mobile-header-display":"","site-post-title":"","ast-breadcrumbs-content":"","ast-featured-img":"","footer-sml-layout":"","theme-transparent-header-meta":"","adv-header-id-meta":"","stick-header-meta":"","header-above-stick-meta":"","header-main-stick-meta":"","header-below-stick-meta":"","footnotes":""},"class_list":["post-656","page","type-page","status-publish","hentry"],"aioseo_notices":[],"_links":{"self":[{"href":"https:\/\/viajescreativa.com\/index.php?rest_route=\/wp\/v2\/pages\/656","targetHints":{"allow":["GET"]}}],"collection":[{"href":"https:\/\/viajescreativa.com\/index.php?rest_route=\/wp\/v2\/pages"}],"about":[{"href":"https:\/\/viajescreativa.com\/index.php?rest_route=\/wp\/v2\/types\/page"}],"author":[{"embeddable":true,"href":"https:\/\/viajescreativa.com\/index.php?rest_route=\/wp\/v2\/users\/1"}],"replies":[{"embeddable":true,"href":"https:\/\/viajescreativa.com\/index.php?rest_route=%2Fwp%2Fv2%2Fcomments&post=656"}],"version-history":[{"count":23,"href":"https:\/\/viajescreativa.com\/index.php?rest_route=\/wp\/v2\/pages\/656\/revisions"}],"predecessor-version":[{"id":2526,"href":"https:\/\/viajescreativa.com\/index.php?rest_route=\/wp\/v2\/pages\/656\/revisions\/2526"}],"wp:attachment":[{"href":"https:\/\/viajescreativa.com\/index.php?rest_route=%2Fwp%2Fv2%2Fmedia&parent=656"}],"curies":[{"name":"wp","href":"https:\/\/api.w.org\/{rel}","templated":true}]}}