{"id":945,"date":"2024-01-14T12:19:32","date_gmt":"2024-01-14T12:19:32","guid":{"rendered":"https:\/\/viajescreativa.com\/?page_id=945"},"modified":"2025-02-28T18:11:08","modified_gmt":"2025-02-28T18:11:08","slug":"kultur-und-natur-rundreise","status":"publish","type":"page","link":"https:\/\/viajescreativa.com\/?page_id=945","title":{"rendered":"KULTUR UND NATUR RUNDREISE"},"content":{"rendered":"\n<figure class=\"wp-block-image alignfull size-full\"><img fetchpriority=\"high\" decoding=\"async\" width=\"1920\" height=\"349\" src=\"https:\/\/viajescreativa.com\/wp-content\/uploads\/2024\/08\/kultur-und-natur-1.png\" alt=\"\" class=\"wp-image-1932\" srcset=\"https:\/\/viajescreativa.com\/wp-content\/uploads\/2024\/08\/kultur-und-natur-1.png 1920w, https:\/\/viajescreativa.com\/wp-content\/uploads\/2024\/08\/kultur-und-natur-1-300x55.png 300w, https:\/\/viajescreativa.com\/wp-content\/uploads\/2024\/08\/kultur-und-natur-1-1024x186.png 1024w, https:\/\/viajescreativa.com\/wp-content\/uploads\/2024\/08\/kultur-und-natur-1-768x140.png 768w, https:\/\/viajescreativa.com\/wp-content\/uploads\/2024\/08\/kultur-und-natur-1-1536x279.png 1536w\" sizes=\"(max-width: 1920px) 100vw, 1920px\" \/><\/figure>\n\n\n\n<div class=\"wp-block-columns is-layout-flex wp-container-core-columns-is-layout-9d6595d7 wp-block-columns-is-layout-flex\">\n<div class=\"wp-block-column is-layout-flow wp-block-column-is-layout-flow\">\n<p><\/p>\n\n\n\n<p class=\"has-vivid-red-color has-white-background-color has-text-color has-background has-link-color wp-elements-91332145f1d4e635123e506c9a81db15\" style=\"font-size:22px\"><strong><em>HIGHLIGHTS:<\/em><\/strong><\/p>\n\n\n\n<ul class=\"wp-block-list\">\n<li>Besichtigung von 2 Weltkulturerbe St\u00e4dte: Sevilla und C\u00f3rdoba<\/li>\n\n\n\n<li>Wandern durch den Natur Park El Torcal in M\u00e1laga<\/li>\n\n\n\n<li>Besichtigung der \u00e4ltesten Dolmen Europas<\/li>\n<\/ul>\n<\/div>\n\n\n\n<div class=\"wp-block-column is-layout-flow wp-block-column-is-layout-flow\">\n<figure class=\"wp-block-image aligncenter size-full\"><img decoding=\"async\" width=\"704\" height=\"412\" src=\"https:\/\/viajescreativa.com\/wp-content\/uploads\/2024\/08\/CULTURA-Y-NATURALEZA.jpg\" alt=\"\" class=\"wp-image-1924\" srcset=\"https:\/\/viajescreativa.com\/wp-content\/uploads\/2024\/08\/CULTURA-Y-NATURALEZA.jpg 704w, https:\/\/viajescreativa.com\/wp-content\/uploads\/2024\/08\/CULTURA-Y-NATURALEZA-300x176.jpg 300w\" sizes=\"(max-width: 704px) 100vw, 704px\" \/><\/figure>\n<\/div>\n<\/div>\n\n\n\n<p class=\"has-white-background-color has-background\">Wir legen gro\u00dfen Wert auf Umweltschutz und sind gleicherma\u00dfen fasziniert von der Geschichte. Daher haben wir beides verkn\u00fcpft und diese 9-t\u00e4gige Reise f\u00fcr euch gestaltet. Ihr werdet zauberhafte St\u00e4dte erkunden und auch in der Natur die Ruhe genie\u00dfen.&nbsp;<\/p>\n\n\n\n<figure class=\"wp-block-gallery aligncenter has-nested-images columns-default is-cropped wp-block-gallery-1 is-layout-flex wp-block-gallery-is-layout-flex\">\n<figure class=\"wp-block-image alignfull size-full\"><img decoding=\"async\" width=\"900\" height=\"327\" data-id=\"1926\" src=\"https:\/\/viajescreativa.com\/wp-content\/uploads\/2024\/08\/el-torcal-7.jpg\" alt=\"\" class=\"wp-image-1926\" srcset=\"https:\/\/viajescreativa.com\/wp-content\/uploads\/2024\/08\/el-torcal-7.jpg 900w, https:\/\/viajescreativa.com\/wp-content\/uploads\/2024\/08\/el-torcal-7-300x109.jpg 300w, https:\/\/viajescreativa.com\/wp-content\/uploads\/2024\/08\/el-torcal-7-768x279.jpg 768w\" sizes=\"(max-width: 900px) 100vw, 900px\" \/><\/figure>\n<\/figure>\n\n\n\n<div class=\"wp-block-group is-layout-constrained wp-block-group-is-layout-constrained\"><div class=\"wp-block-group__inner-container\">\n<p class=\"has-white-background-color has-background\">Diese 9-t\u00e4gige Reise f\u00fchrt Euch durch Andalusien und verbindet Kultur und Natur. Auf der Strecke werdet ihr die Sch\u00f6nheit der beeindruckenden St\u00e4dte genie\u00dfen, die von der Unesco zum Weltkulturerbe erkl\u00e4rt wurden: C\u00f3rdoba und Sevilla mit ihrer Moschee-Kathedrale und der gr\u00f6\u00dften gotischen Kathedrale der Welt. Die malerischen Ortschaften Ronda, Setenil, Priego und Antequera werden euch mit ihrem reichen Erbe \u00fcberraschen. Der Naturreichtum der Sierra de C\u00e1diz, wo Grazalema liegt, wird euch zum Entz\u00fccken bringen. In der Sierra de C\u00f3rdoba findet ihr zwischen Olivenhainen kleine D\u00f6rfer voller Geschichte, die eine unglaubliche Landschaft bilden. Wir werden eine ruhige Wanderung durch den Naturpark El Torcal unternehmen und die Karstlandschaft bewundern, wo die Natur unglaubliche Formen annimmt. W\u00e4hrend der Reise werdet ihr herrliche kulinarische Erlebnisse haben. Diese Rundreise beginnt und endet in M\u00e1laga, die Unterbringung erfolgt in Hotels au\u00dferhalb der Gro\u00dfst\u00e4dte. Der Sinn dieser Reise ist, dass ihr sowohl die Natur genie\u00dft als auch St\u00e4dte mit einem reichen kulturellen Erbe kennenlernen k\u00f6nnt. &nbsp;<\/p>\n<\/div><\/div>\n\n\n\n<div class=\"wp-block-columns is-layout-flex wp-container-core-columns-is-layout-9d6595d7 wp-block-columns-is-layout-flex\">\n<div class=\"wp-block-column is-layout-flow wp-block-column-is-layout-flow\">\n<div class=\"wp-block-group has-white-background-color has-background is-layout-constrained wp-block-group-is-layout-constrained\"><div class=\"wp-block-group__inner-container\">\n<p><strong>REISEVERLAUF:<\/strong><\/p>\n\n\n\n<p><strong>1.- Willkommen in Andalusien!<\/strong><\/p>\n\n\n\n<p>Freie Zeit bis zum Abendessen und Unterkunft im Hotel an der Costa del Sol<\/p>\n\n\n\n<p><strong>2.- M\u00e1laga \u2013 Ronda \u2013 Setenil \u2013 Grazalema<\/strong><\/p>\n\n\n\n<p>Nach dem Fr\u00fchst\u00fcck Abfahrt von M\u00e1laga Richtung Ronda. Besichtigung mit \u00f6rtlichen Stadtf\u00fchrer, freie Zeit, Weiterfahrt nach Setenil, Spaziergang durch das Ort, Weiterfahrt nach Grazalema. Abendessen und Unterkunft in Grazalema<\/p>\n\n\n\n<p><strong>3.- Grazalema \u2013 Carmona<\/strong><\/p>\n\n\n\n<p>Fr\u00fchst\u00fcck im Hotel. Am Morgen Spaziergang durch Grazalema oder Umgebung. Weiterfahrt nach Carmona. Gemeinsames Abendessen und Unterkunft in Carmona<\/p>\n\n\n\n<p><strong>4.- Sevilla<\/strong><\/p>\n\n\n\n<p>Nach dem Fr\u00fchst\u00fcck Abfahrt nach Sevilla. Stadtbesichtigung mit \u00f6rtlichen Stadtf\u00fchrer. Spaziergang durch Santa Cruz und Besichtigung der Kathdrale. Freie Zeit in Sevilla. R\u00fcckfahrt nach Carmona. Abendessen frei und Unterkunft in Carmona<\/p>\n\n\n\n<p><strong>5.- Carmona \u2013 C\u00f3rdoba \u2013 Luque \u2013 Priego de C\u00f3rdoba<\/strong><\/p>\n\n\n\n<p>Fr\u00fchst\u00fcck im Hotel. Abfahrt nach C\u00f3rdoba. Stadtbesichtigung mit \u00f6rtlichen Stadtf\u00fchrer. Freie Zeit. Weiterfahrt nach Luque zum gemeinsamen Mittagessen. Anschlie\u00dfend Fahrt nach Priego. Gemeinsames Abendessen und Unterkunft in Priego<\/p>\n\n\n\n<p><strong>6.- Priego \u2013 Antequera<\/strong><\/p>\n\n\n\n<p>Fr\u00fchst\u00fcck im Hotel. Spaziergang durch Priego. gemeinsamen Mittagessen in Priego oder Umgebung. Weiterfahrt nach Antequera. Wanderroute durch den Naturpark El Torcal. Abendessen und Unterkunft im Hotel in Antequera<\/p>\n\n\n\n<p><strong>7.- Antequera \u2013 M\u00e1laga<\/strong><\/p>\n\n\n\n<p>Fr\u00fchst\u00fcck und Spaziergang durch die Stadt von Antequera und besuch der Dolmen. Gemeinsamen Mittagessen in Antequera oder Umgebung. Abfahrt nach M\u00e1laga. Abendessen und Unterkunft im Hotel an der costa del Sol<\/p>\n\n\n\n<p><strong>8.- M\u00e1laga<\/strong><\/p>\n\n\n\n<p>Fr\u00fchst\u00fcck im Hotel. Abfahrt nach M\u00e1laga. Spaziergang mit dem Reiseleiter durch die Stadt M\u00e1laga. Freie Zeit. Abendessen und Unterkunft in hotel costa del Sol<\/p>\n\n\n\n<p><strong>9.- Hasta Pronto!<\/strong><\/p>\n\n\n\n<p>Fr\u00fchst\u00fcck im Hotel <\/p>\n<\/div><\/div>\n<\/div>\n\n\n\n<div class=\"wp-block-column is-layout-flow wp-block-column-is-layout-flow\">\n<div class=\"wp-block-group is-layout-constrained wp-block-group-is-layout-constrained\"><div class=\"wp-block-group__inner-container\">\n<p><strong>INBEGRIFFENE LEISTUNGEN:<\/strong><\/p>\n\n\n\n<ul class=\"wp-block-list\">\n<li>5 N\u00e4chte in 4 Sterne Hotels mit HP: Costa del sol, Grazalema, Antequera<\/li>\n\n\n\n<li>3 N\u00e4chte in 4 Sterne Hotels mit Fr\u00fchst\u00fcck: Carmona, Priego<\/li>\n\n\n\n<li>Moderner Klimatisierter Reisebus <\/li>\n\n\n\n<li>Deutschsprechender Reiseleiter w\u00e4hrend der ganzen Reise<\/li>\n\n\n\n<li>Stadtf\u00fchrung mit \u00f6rtliche Stadtf\u00fchrer in: Ronda, Sevilla, C\u00f3rdoba<\/li>\n\n\n\n<li>Eintrittskarten f\u00fcr Denkm\u00e4ler:<\/li>\n\n\n\n<li>Ronda: Casa don Bosco<\/li>\n\n\n\n<li>Sevilla: Kathedrale<\/li>\n\n\n\n<li>C\u00f3rdoba: Moschee-Kathedrale<\/li>\n\n\n\n<li>Wanderroute im Natur Park El Torcal<\/li>\n\n\n\n<li>Mittagessen in: Luque, Priego, Antequera<\/li>\n\n\n\n<li>Abendessen in: Carmona (1. Abend), Priego <\/li>\n\n\n\n<li>Audiosystem<\/li>\n\n\n\n<li>Reiseversicherung<\/li>\n<\/ul>\n\n\n\n<p><strong>NICHT INBEGRIFFEN<\/strong><\/p>\n\n\n\n<ul class=\"wp-block-list\">\n<li>Internationale und interne Fl\u00fcge<\/li>\n\n\n\n<li>Flughafengeb\u00fchren<\/li>\n\n\n\n<li>Transfer vom\/zum Flughafen M\u00e1laga \u2013 Hotel costa del Sol<\/li>\n\n\n\n<li>Trinkgelder<\/li>\n\n\n\n<li>Koffertr\u00e4ger<\/li>\n\n\n\n<li>Visum, falls erforderlich<\/li>\n\n\n\n<li>Eintrittsgelder, die nicht ausdr\u00fccklich im Programm aufgef\u00fchrt sind<\/li>\n\n\n\n<li>Jene andere Leistungen die nicht ausdr\u00fccklich im Programm aufgef\u00fchrt sind<\/li>\n<\/ul>\n\n\n\n<p><\/p>\n\n\n\n<div class=\"wp-block-group has-white-background-color has-background is-layout-constrained wp-block-group-is-layout-constrained\"><div class=\"wp-block-group__inner-container\">\n<figure class=\"wp-block-image aligncenter size-full is-resized\"><img loading=\"lazy\" decoding=\"async\" width=\"834\" height=\"1250\" src=\"https:\/\/viajescreativa.com\/wp-content\/uploads\/2024\/08\/1-SLOW-TRAVEL.jpg\" alt=\"\" class=\"wp-image-1927\" style=\"width:331px;height:auto\" srcset=\"https:\/\/viajescreativa.com\/wp-content\/uploads\/2024\/08\/1-SLOW-TRAVEL.jpg 834w, https:\/\/viajescreativa.com\/wp-content\/uploads\/2024\/08\/1-SLOW-TRAVEL-200x300.jpg 200w, https:\/\/viajescreativa.com\/wp-content\/uploads\/2024\/08\/1-SLOW-TRAVEL-683x1024.jpg 683w, https:\/\/viajescreativa.com\/wp-content\/uploads\/2024\/08\/1-SLOW-TRAVEL-768x1151.jpg 768w\" sizes=\"(max-width: 834px) 100vw, 834px\" \/><\/figure>\n<\/div><\/div>\n<\/div><\/div>\n<\/div>\n<\/div>\n\n\n\n<figure class=\"wp-block-image alignfull size-full\"><img loading=\"lazy\" decoding=\"async\" width=\"900\" height=\"300\" src=\"https:\/\/viajescreativa.com\/wp-content\/uploads\/2024\/08\/cultura-y-nat-collage.jpg\" alt=\"\" class=\"wp-image-1928\" srcset=\"https:\/\/viajescreativa.com\/wp-content\/uploads\/2024\/08\/cultura-y-nat-collage.jpg 900w, https:\/\/viajescreativa.com\/wp-content\/uploads\/2024\/08\/cultura-y-nat-collage-300x100.jpg 300w, https:\/\/viajescreativa.com\/wp-content\/uploads\/2024\/08\/cultura-y-nat-collage-768x256.jpg 768w\" sizes=\"(max-width: 900px) 100vw, 900px\" \/><\/figure>\n\n\n\n<div class=\"wp-block-cover alignfull is-light\" style=\"min-height:548px;aspect-ratio:unset;\"><span aria-hidden=\"true\" class=\"wp-block-cover__background has-ast-global-color-5-background-color has-background-dim-20 has-background-dim\"><\/span><img loading=\"lazy\" decoding=\"async\" width=\"1920\" height=\"1920\" class=\"wp-block-cover__image-background wp-image-1729\" alt=\"\" src=\"https:\/\/viajescreativa.com\/wp-content\/uploads\/2024\/07\/collage-caratula-blanco-1.jpg\" data-object-fit=\"cover\" srcset=\"https:\/\/viajescreativa.com\/wp-content\/uploads\/2024\/07\/collage-caratula-blanco-1.jpg 1920w, https:\/\/viajescreativa.com\/wp-content\/uploads\/2024\/07\/collage-caratula-blanco-1-300x300.jpg 300w, https:\/\/viajescreativa.com\/wp-content\/uploads\/2024\/07\/collage-caratula-blanco-1-1024x1024.jpg 1024w, https:\/\/viajescreativa.com\/wp-content\/uploads\/2024\/07\/collage-caratula-blanco-1-150x150.jpg 150w, https:\/\/viajescreativa.com\/wp-content\/uploads\/2024\/07\/collage-caratula-blanco-1-768x768.jpg 768w, https:\/\/viajescreativa.com\/wp-content\/uploads\/2024\/07\/collage-caratula-blanco-1-1536x1536.jpg 1536w\" sizes=\"(max-width: 1920px) 100vw, 1920px\" \/><div class=\"wp-block-cover__inner-container is-layout-flow wp-block-cover-is-layout-flow\">\n<div class=\"wp-block-columns is-layout-flex wp-container-core-columns-is-layout-9d6595d7 wp-block-columns-is-layout-flex\">\n<div class=\"wp-block-column is-layout-flow wp-block-column-is-layout-flow\">\n<div class=\"wp-block-columns is-layout-flex wp-container-core-columns-is-layout-9d6595d7 wp-block-columns-is-layout-flex\">\n<div class=\"wp-block-column is-layout-flow wp-block-column-is-layout-flow\">\n<figure class=\"wp-block-image alignfull size-full\"><a href=\"https:\/\/viajescreativa.com\/?page_id=2210\" target=\"_blank\" rel=\"noreferrer noopener\"><img loading=\"lazy\" decoding=\"async\" width=\"262\" height=\"387\" src=\"https:\/\/viajescreativa.com\/wp-content\/uploads\/2024\/08\/5-GASTRONOMICO-ALEMAN.jpg\" alt=\"\" class=\"wp-image-2153\" style=\"box-shadow:var(--wp--preset--shadow--natural)\" srcset=\"https:\/\/viajescreativa.com\/wp-content\/uploads\/2024\/08\/5-GASTRONOMICO-ALEMAN.jpg 262w, https:\/\/viajescreativa.com\/wp-content\/uploads\/2024\/08\/5-GASTRONOMICO-ALEMAN-203x300.jpg 203w\" sizes=\"(max-width: 262px) 100vw, 262px\" \/><\/a><figcaption class=\"wp-element-caption\">GENUSSVOLLE              ROUTEN<\/figcaption><\/figure>\n<\/div>\n\n\n\n<div class=\"wp-block-column is-layout-flow wp-block-column-is-layout-flow\">\n<figure class=\"wp-block-image alignfull size-full\"><a href=\"https:\/\/viajescreativa.com\/?page_id=2439\" target=\"_blank\" rel=\"noreferrer noopener\"><img loading=\"lazy\" decoding=\"async\" width=\"244\" height=\"361\" src=\"https:\/\/viajescreativa.com\/wp-content\/uploads\/2024\/08\/THEMENREISEN.jpg\" alt=\"\" class=\"wp-image-2154\" style=\"box-shadow:var(--wp--preset--shadow--natural)\" srcset=\"https:\/\/viajescreativa.com\/wp-content\/uploads\/2024\/08\/THEMENREISEN.jpg 244w, https:\/\/viajescreativa.com\/wp-content\/uploads\/2024\/08\/THEMENREISEN-203x300.jpg 203w\" sizes=\"(max-width: 244px) 100vw, 244px\" \/><\/a><figcaption class=\"wp-element-caption\">THEMENREISEN<\/figcaption><\/figure>\n<\/div>\n<\/div>\n<\/div>\n\n\n\n<div class=\"wp-block-column is-layout-flow wp-block-column-is-layout-flow\">\n<div class=\"wp-block-columns is-layout-flex wp-container-core-columns-is-layout-9d6595d7 wp-block-columns-is-layout-flex\">\n<div class=\"wp-block-column is-layout-flow wp-block-column-is-layout-flow\">\n<figure class=\"wp-block-image alignfull size-full\"><a href=\"https:\/\/viajescreativa.com\/?page_id=2299\" target=\"_blank\" rel=\"noreferrer noopener\"><img loading=\"lazy\" decoding=\"async\" width=\"244\" height=\"360\" src=\"https:\/\/viajescreativa.com\/wp-content\/uploads\/2024\/08\/SLOWTRAVEL-1.jpg\" alt=\"\" class=\"wp-image-2165\" style=\"box-shadow:var(--wp--preset--shadow--natural)\" srcset=\"https:\/\/viajescreativa.com\/wp-content\/uploads\/2024\/08\/SLOWTRAVEL-1.jpg 244w, https:\/\/viajescreativa.com\/wp-content\/uploads\/2024\/08\/SLOWTRAVEL-1-203x300.jpg 203w\" sizes=\"(max-width: 244px) 100vw, 244px\" \/><\/a><figcaption class=\"wp-element-caption\">SLOW TRAVEL<\/figcaption><\/figure>\n<\/div>\n\n\n\n<div class=\"wp-block-column is-layout-flow wp-block-column-is-layout-flow\">\n<figure class=\"wp-block-image alignfull size-full\"><a href=\"https:\/\/viajescreativa.com\/?page_id=2477\" target=\"_blank\" rel=\"noreferrer noopener\"><img loading=\"lazy\" decoding=\"async\" width=\"244\" height=\"361\" src=\"https:\/\/viajescreativa.com\/wp-content\/uploads\/2024\/08\/11-BASICOS1-2.jpg\" alt=\"\" class=\"wp-image-2168\" style=\"box-shadow:var(--wp--preset--shadow--natural)\" srcset=\"https:\/\/viajescreativa.com\/wp-content\/uploads\/2024\/08\/11-BASICOS1-2.jpg 244w, https:\/\/viajescreativa.com\/wp-content\/uploads\/2024\/08\/11-BASICOS1-2-203x300.jpg 203w\" sizes=\"(max-width: 244px) 100vw, 244px\" \/><\/a><figcaption class=\"wp-element-caption\">DIE ESSENZ VON ANDALUSIEN<\/figcaption><\/figure>\n<\/div>\n<\/div>\n<\/div>\n\n\n\n<div class=\"wp-block-column is-layout-flow wp-block-column-is-layout-flow\">\n<div class=\"wp-block-columns is-layout-flex wp-container-core-columns-is-layout-9d6595d7 wp-block-columns-is-layout-flex\">\n<div class=\"wp-block-column is-layout-flow wp-block-column-is-layout-flow\">\n<figure class=\"wp-block-image alignfull size-full\"><a href=\"https:\/\/viajescreativa.com\/?page_id=2487\" target=\"_blank\" rel=\"noreferrer noopener\"><img loading=\"lazy\" decoding=\"async\" width=\"628\" height=\"928\" src=\"https:\/\/viajescreativa.com\/wp-content\/uploads\/2024\/08\/21collage2.jpg\" alt=\"\" class=\"wp-image-2170\" style=\"box-shadow:var(--wp--preset--shadow--natural)\" srcset=\"https:\/\/viajescreativa.com\/wp-content\/uploads\/2024\/08\/21collage2.jpg 628w, https:\/\/viajescreativa.com\/wp-content\/uploads\/2024\/08\/21collage2-203x300.jpg 203w\" sizes=\"(max-width: 628px) 100vw, 628px\" \/><\/a><figcaption class=\"wp-element-caption\">NATURREISEN<\/figcaption><\/figure>\n<\/div>\n\n\n\n<div class=\"wp-block-column is-layout-flow wp-block-column-is-layout-flow\">\n<figure class=\"wp-block-image alignfull size-full\"><a href=\"https:\/\/viajescreativa.com\/?page_id=2492\" target=\"_blank\" rel=\"noreferrer noopener\"><img loading=\"lazy\" decoding=\"async\" width=\"244\" height=\"361\" src=\"https:\/\/viajescreativa.com\/wp-content\/uploads\/2024\/08\/31collage3.jpg\" alt=\"\" class=\"wp-image-2171\" style=\"box-shadow:var(--wp--preset--shadow--natural)\" srcset=\"https:\/\/viajescreativa.com\/wp-content\/uploads\/2024\/08\/31collage3.jpg 244w, https:\/\/viajescreativa.com\/wp-content\/uploads\/2024\/08\/31collage3-203x300.jpg 203w\" sizes=\"(max-width: 244px) 100vw, 244px\" \/><\/a><figcaption class=\"wp-element-caption\">KLEINE FLUCHTEN<\/figcaption><\/figure>\n<\/div>\n<\/div>\n<\/div>\n<\/div>\n<\/div><\/div>\n\n\n\n<div class=\"wp-block-columns is-layout-flex wp-container-core-columns-is-layout-9d6595d7 wp-block-columns-is-layout-flex\">\n<div class=\"wp-block-column is-layout-flow wp-block-column-is-layout-flow\"><div class=\"wpforms-container wpforms-block wpforms-block-1c9e3381-be90-44ba-9792-bb009a08ef66\" id=\"wpforms-6\"><form id=\"wpforms-form-6\" class=\"wpforms-validate wpforms-form\" data-formid=\"6\" method=\"post\" enctype=\"multipart\/form-data\" action=\"\/index.php?rest_route=%2Fwp%2Fv2%2Fpages%2F945\" data-token=\"2afb85d4314ae1eac3630dc82d214311\" data-token-time=\"1777657769\"><noscript class=\"wpforms-error-noscript\">Por favor, activa JavaScript en tu navegador para completar este formulario.<\/noscript><div class=\"wpforms-field-container\"><div id=\"wpforms-6-field_1-container\" class=\"wpforms-field wpforms-field-name\" data-field-id=\"1\"><label class=\"wpforms-field-label\" for=\"wpforms-6-field_1\">Name <span class=\"wpforms-required-label\">*<\/span><\/label><input type=\"text\" id=\"wpforms-6-field_1\" class=\"wpforms-field-medium wpforms-field-required\" name=\"wpforms[fields][1]\" required><\/div><div id=\"wpforms-6-field_2-container\" class=\"wpforms-field wpforms-field-email\" data-field-id=\"2\"><label class=\"wpforms-field-label\" for=\"wpforms-6-field_2\">E-mail <span class=\"wpforms-required-label\">*<\/span><\/label><input type=\"email\" id=\"wpforms-6-field_2\" class=\"wpforms-field-medium wpforms-field-required\" name=\"wpforms[fields][2]\" spellcheck=\"false\" required><\/div><div id=\"wpforms-6-field_4-container\" class=\"wpforms-field wpforms-field-select wpforms-field-select-style-classic\" data-field-id=\"4\"><label class=\"wpforms-field-label\" for=\"wpforms-6-field_4\">Eine Option ausw\u00e4hlen <span class=\"wpforms-required-label\">*<\/span><\/label><select id=\"wpforms-6-field_4\" class=\"wpforms-field-medium wpforms-field-required\" name=\"wpforms[fields][4]\" required=\"required\"><option value=\"Reiseb\u00fcro\"  selected='selected' class=\"choice-1 depth-1\"  >Reiseb\u00fcro<\/option><option value=\"Reisender\"  class=\"choice-2 depth-1\"  >Reisender<\/option><\/select><\/div><div id=\"wpforms-6-field_3-container\" class=\"wpforms-field wpforms-field-textarea\" data-field-id=\"3\"><label class=\"wpforms-field-label\" for=\"wpforms-6-field_3\">Nachricht <span class=\"wpforms-required-label\">*<\/span><\/label><textarea id=\"wpforms-6-field_3\" class=\"wpforms-field-medium wpforms-field-required\" name=\"wpforms[fields][3]\" required><\/textarea><\/div><\/div><!-- .wpforms-field-container --><div class=\"wpforms-submit-container\" ><input type=\"hidden\" name=\"wpforms[id]\" value=\"6\"><input type=\"hidden\" name=\"page_title\" value=\"\"><input type=\"hidden\" name=\"page_url\" value=\"https:\/\/viajescreativa.com\/index.php?rest_route=\/wp\/v2\/pages\/945\"><input type=\"hidden\" name=\"url_referer\" value=\"\"><button type=\"submit\" name=\"wpforms[submit]\" id=\"wpforms-submit-6\" class=\"wpforms-submit\" data-alt-text=\"Sending...\" data-submit-text=\"Send Message\" aria-live=\"assertive\" value=\"wpforms-submit\">Send Message<\/button><\/div><\/form><\/div>  <!-- .wpforms-container --><\/div>\n\n\n\n<div class=\"wp-block-column is-layout-flow wp-block-column-is-layout-flow\">\n<p class=\"has-ast-global-color-5-color has-text-color has-background has-link-color wp-elements-aafbe019a0c69dc9e941247c6acbdfce\" style=\"background-color:#8383f8;font-size:26px\"><strong><em>Werfe einen Blick auf unseren Blog<\/em><\/strong><\/p>\n\n\n\n<figure class=\"wp-block-image aligncenter size-full\"><a href=\"https:\/\/www.viajescreativa.net\/blog.php\" target=\"_blank\" rel=\"noreferrer noopener\"><img loading=\"lazy\" decoding=\"async\" width=\"593\" height=\"313\" src=\"https:\/\/viajescreativa.com\/wp-content\/uploads\/2024\/08\/capture-20240812-184311.png\" alt=\"\" class=\"wp-image-1885\" srcset=\"https:\/\/viajescreativa.com\/wp-content\/uploads\/2024\/08\/capture-20240812-184311.png 593w, https:\/\/viajescreativa.com\/wp-content\/uploads\/2024\/08\/capture-20240812-184311-300x158.png 300w\" sizes=\"(max-width: 593px) 100vw, 593px\" \/><\/a><\/figure>\n<\/div>\n<\/div>\n","protected":false},"excerpt":{"rendered":"<p>HIGHLIGHTS: Wir legen gro\u00dfen Wert auf Umweltschutz und sind gleicherma\u00dfen fasziniert von der Geschichte. Daher haben wir beides verkn\u00fcpft und diese 9-t\u00e4gige Reise f\u00fcr euch gestaltet. Ihr werdet zauberhafte St\u00e4dte erkunden und auch in der Natur die Ruhe genie\u00dfen.&nbsp; Diese 9-t\u00e4gige Reise f\u00fchrt Euch durch Andalusien und verbindet Kultur und Natur. Auf der Strecke werdet &hellip;<\/p>\n<p class=\"read-more\"> <a class=\"\" href=\"https:\/\/viajescreativa.com\/?page_id=945\"> <span class=\"screen-reader-text\">KULTUR UND NATUR RUNDREISE<\/span> Leer m\u00e1s &raquo;<\/a><\/p>\n","protected":false},"author":1,"featured_media":0,"parent":0,"menu_order":0,"comment_status":"closed","ping_status":"closed","template":"elementor_header_footer","meta":{"om_disable_all_campaigns":false,"_monsterinsights_skip_tracking":false,"_monsterinsights_sitenote_active":false,"_monsterinsights_sitenote_note":"","_monsterinsights_sitenote_category":0,"site-sidebar-layout":"default","site-content-layout":"default","ast-main-header-display":"","ast-hfb-above-header-display":"","ast-hfb-below-header-display":"","ast-hfb-mobile-header-display":"","site-post-title":"","ast-breadcrumbs-content":"","ast-featured-img":"","footer-sml-layout":"","theme-transparent-header-meta":"","adv-header-id-meta":"","stick-header-meta":"","header-above-stick-meta":"","header-main-stick-meta":"","header-below-stick-meta":"","footnotes":""},"class_list":["post-945","page","type-page","status-publish","hentry"],"aioseo_notices":[],"_links":{"self":[{"href":"https:\/\/viajescreativa.com\/index.php?rest_route=\/wp\/v2\/pages\/945","targetHints":{"allow":["GET"]}}],"collection":[{"href":"https:\/\/viajescreativa.com\/index.php?rest_route=\/wp\/v2\/pages"}],"about":[{"href":"https:\/\/viajescreativa.com\/index.php?rest_route=\/wp\/v2\/types\/page"}],"author":[{"embeddable":true,"href":"https:\/\/viajescreativa.com\/index.php?rest_route=\/wp\/v2\/users\/1"}],"replies":[{"embeddable":true,"href":"https:\/\/viajescreativa.com\/index.php?rest_route=%2Fwp%2Fv2%2Fcomments&post=945"}],"version-history":[{"count":33,"href":"https:\/\/viajescreativa.com\/index.php?rest_route=\/wp\/v2\/pages\/945\/revisions"}],"predecessor-version":[{"id":2521,"href":"https:\/\/viajescreativa.com\/index.php?rest_route=\/wp\/v2\/pages\/945\/revisions\/2521"}],"wp:attachment":[{"href":"https:\/\/viajescreativa.com\/index.php?rest_route=%2Fwp%2Fv2%2Fmedia&parent=945"}],"curies":[{"name":"wp","href":"https:\/\/api.w.org\/{rel}","templated":true}]}}